{"id":2308,"date":"2017-11-19T13:37:09","date_gmt":"2017-11-19T13:37:09","guid":{"rendered":"http:\/\/www.foiredelasaintebarbe.fr\/?page_id=2308"},"modified":"2022-07-05T09:59:13","modified_gmt":"2022-07-05T09:59:13","slug":"associations","status":"publish","type":"page","link":"http:\/\/www.foiredelasaintebarbe.fr\/?page_id=2308","title":{"rendered":"Associations"},"content":{"rendered":"<p><strong><span style=\"color: #7ab3d9;\">Ape Maurice Ti\u00e8che<\/span><\/strong><br \/>\nContact:<span style=\"color: #7ab3d9;\"><em> Sophie Likin<\/em><\/span><br \/>\nSite Web: n\/a<\/p>\n<p><strong><span style=\"color: #7ab3d9;\">Apel Saint Vincent<\/span><\/strong><br \/>\nContact: <span style=\"color: #7ab3d9;\"><em>Nadine Emonet<\/em><\/span><br \/>\nSite Web:<a href=\"http:\/\/www.apel-saint-vincent.org\" target=\"_blank\" rel=\"noopener noreferrer\"> www.apel-saint-vincent.org<\/a><\/p>\n<p><strong><span style=\"color: #7ab3d9;\">Bureau de la foire<\/span><\/strong><br \/>\nContact: <span style=\"color: #7ab3d9;\"><em>Gabriel Samperio<\/em><\/span><br \/>\nSite Web: <a href=\"http:\/\/www.foiredelasaintebarbe.fr\">www.foiredelasaintebarbe.fr<\/a><\/p>\n<p><strong><span style=\"color: #7ab3d9;\">Campus Adventiste du Sal\u00e8ve<\/span><\/strong><br \/>\nContact: <span style=\"color: #7ab3d9;\"><em>Gabriel Samperio<\/em><\/span><br \/>\nSite Web:<a href=\"http:\/\/www.campusadventiste.edu\" target=\"_blank\" rel=\"noopener noreferrer\"> www.campusadventiste.edu<\/a><\/p>\n<p><strong><span style=\"color: #7ab3d9;\">Club Nature et Sports de Montagne du Sal\u00e8ve<\/span><\/strong><br \/>\nContact: <span style=\"color: #7ab3d9;\"><em>Jacques Payet<\/em><\/span><br \/>\nSite Web: <a href=\"http:\/\/cnsms7416.blogspot.fr\" target=\"_blank\" rel=\"noopener noreferrer\">cnsms7416.blogspot.fr<\/a><\/p>\n<p><strong><span style=\"color: #7ab3d9;\">Collonges Accueille<\/span><\/strong><br \/>\nContact: <span style=\"color: #7ab3d9;\"><em>Annelise Annessi<\/em><\/span><br \/>\nSite Web: n\/a<\/p>\n<p><span style=\"color: #7ab3d9;\"><strong>Comit\u00e9 de jumelage Moessingen<\/strong><\/span><br \/>\nContact:\u00a0<span style=\"color: #7ab3d9;\">+33 450 959 260<\/span><br \/>\nSite Web: <a href=\"http:\/\/www.jumelage-genevois-moessingen.fr\" target=\"_blank\" rel=\"noopener noreferrer\">www.jumelage-genevois-moessingen.fr<\/a><\/p>\n<p><strong><span style=\"color: #7ab3d9;\">Football Club<\/span><\/strong><br \/>\nContact:\u00a0<span style=\"color: #7ab3d9;\"><em>Etienne Cluzel<\/em><\/span><br \/>\nSite Web: n\/a<\/p>\n<p><strong><span style=\"color: #7ab3d9;\">T\u00e9l\u00e9ski du Saleve &#8211; ATS<\/span><\/strong><br \/>\nContact: <span style=\"color: #7ab3d9;\"><em>Anthony Rey<\/em><\/span><br \/>\nSite Web: <a href=\"http:\/\/www.teleskidusaleve.com\/\" target=\"_blank\" rel=\"noopener noreferrer\">www.teleskidusaleve.com<\/a><\/p>\n<p><strong><span style=\"color: #7ab3d9;\">Petit Th\u00e9\u00e2tre du Sal\u00e8ve<\/span><\/strong><br \/>\nContact: <span style=\"color: #7ab3d9;\"><em>Lyliane Besnoit<\/em><\/span><br \/>\nSite Web: <a href=\"http:\/\/www.petit-theatre.com\" target=\"_blank\" rel=\"noopener noreferrer\">www.petit-theatre.com<\/a><\/p>\n<p><strong><span style=\"color: #7ab3d9;\">Pompiers<\/span><\/strong><br \/>\nContact: <span style=\"color: #7ab3d9;\"><em>Fabrice Gilson<\/em><\/span><br \/>\nSite Web: <a href=\"http:\/\/www.sdis74.fr\" target=\"_blank\" rel=\"noopener noreferrer\">www.sdis74.fr<\/a><\/p>\n<p><strong><span style=\"color: #7ab3d9;\">Secours en Montagne<\/span><\/strong><br \/>\nContact: <span style=\"color: #7ab3d9;\"><em>Jean-Charles Bertrand<\/em><\/span><br \/>\nSite Web: <a href=\"http:\/\/jcbourigault-saleve.pagesperso-orange.fr\" target=\"_blank\" rel=\"noopener noreferrer\">jcbourigault-saleve.pagesperso-orange.fr<\/a><\/p>\n<p><strong><span style=\"color: #7ab3d9;\">Sou des Ecoles Charles Perrault<\/span><\/strong><br \/>\nContact: <span style=\"color: #7ab3d9;\"><em>Maximilien Roche<\/em><\/span><br \/>\nSite Web: <a href=\"http:\/\/parentscollonges.over-blog.fr\" target=\"_blank\" rel=\"noopener noreferrer\">parentscollonges.over-blog.fr<\/a><\/p>\n<p><strong><span style=\"color: #7ab3d9;\">Tennis Club<\/span><\/strong><br \/>\nContact: <span style=\"color: #7ab3d9;\"><em>Lo\u00efc Cools<br \/>\n<span style=\"color: #000000;\">Site Web: <a href=\"http:\/\/www.club.fft.fr\/tc.collonges.saleve\" target=\"_blank\" rel=\"noopener noreferrer\">www.club.fft.fr\/tc.collonges.saleve<\/a><\/span><\/em><\/span><\/p>\n<p><strong><span style=\"color: #7ab3d9;\">Tennis de table<\/span><\/strong><br \/>\nContact: <span style=\"color: #7ab3d9;\"><em>Andr\u00e9 Burger<\/em><\/span><br \/>\nSite Web: n\/a<\/p>\n","protected":false},"excerpt":{"rendered":"<p>Ape Maurice Ti\u00e8che Contact: Sophie Likin Site Web: n\/a Apel Saint Vincent Contact: Nadine Emonet Site Web: www.apel-saint-vincent.org Bureau de la foire Contact: Gabriel Samperio Site Web: www.foiredelasaintebarbe.fr Campus Adventiste du Sal\u00e8ve Contact: Gabriel Samperio Site Web: www.campusadventiste.edu Club Nature et Sports de Montagne du Sal\u00e8ve Contact: Jacques Payet Site Web: cnsms7416.blogspot.fr Collonges Accueille Contact: &hellip; <\/p>\n<p class=\"link-more\"><a href=\"http:\/\/www.foiredelasaintebarbe.fr\/?page_id=2308\" class=\"more-link\">Continuer la lecture<span class=\"screen-reader-text\"> de &laquo;&nbsp;Associations&nbsp;&raquo;<\/span><\/a><\/p>\n","protected":false},"author":1,"featured_media":0,"parent":0,"menu_order":0,"comment_status":"closed","ping_status":"closed","template":"","meta":{"footnotes":""},"class_list":["post-2308","page","type-page","status-publish","hentry"],"yoast_head":"<!-- This site is optimized with the Yoast SEO plugin v27.2 - https:\/\/yoast.com\/product\/yoast-seo-wordpress\/ -->\n<title>Associations - Foire de la Sainte Barbe<\/title>\n<meta name=\"robots\" content=\"index, follow, max-snippet:-1, max-image-preview:large, max-video-preview:-1\" \/>\n<link rel=\"canonical\" href=\"http:\/\/www.foiredelasaintebarbe.fr\/?page_id=2308\" \/>\n<meta property=\"og:locale\" content=\"fr_FR\" \/>\n<meta property=\"og:type\" content=\"article\" \/>\n<meta property=\"og:title\" content=\"Associations - Foire de la Sainte Barbe\" \/>\n<meta property=\"og:description\" content=\"Ape Maurice Ti\u00e8che Contact: Sophie Likin Site Web: n\/a Apel Saint Vincent Contact: Nadine Emonet Site Web: www.apel-saint-vincent.org Bureau de la foire Contact: Gabriel Samperio Site Web: www.foiredelasaintebarbe.fr Campus Adventiste du Sal\u00e8ve Contact: Gabriel Samperio Site Web: www.campusadventiste.edu Club Nature et Sports de Montagne du Sal\u00e8ve Contact: Jacques Payet Site Web: cnsms7416.blogspot.fr Collonges Accueille Contact: &hellip; Continuer la lecture de &laquo;&nbsp;Associations&nbsp;&raquo;\" \/>\n<meta property=\"og:url\" content=\"http:\/\/www.foiredelasaintebarbe.fr\/?page_id=2308\" \/>\n<meta property=\"og:site_name\" content=\"Foire de la Sainte Barbe\" \/>\n<meta property=\"article:modified_time\" content=\"2022-07-05T09:59:13+00:00\" \/>\n<meta name=\"twitter:card\" content=\"summary_large_image\" \/>\n<meta name=\"twitter:label1\" content=\"Dur\u00e9e de lecture estim\u00e9e\" \/>\n\t<meta name=\"twitter:data1\" content=\"1 minute\" \/>\n<script type=\"application\/ld+json\" class=\"yoast-schema-graph\">{\"@context\":\"https:\/\/schema.org\",\"@graph\":[{\"@type\":\"WebPage\",\"@id\":\"http:\/\/www.foiredelasaintebarbe.fr\/?page_id=2308\",\"url\":\"http:\/\/www.foiredelasaintebarbe.fr\/?page_id=2308\",\"name\":\"Associations - Foire de la Sainte Barbe\",\"isPartOf\":{\"@id\":\"http:\/\/www.foiredelasaintebarbe.fr\/#website\"},\"datePublished\":\"2017-11-19T13:37:09+00:00\",\"dateModified\":\"2022-07-05T09:59:13+00:00\",\"breadcrumb\":{\"@id\":\"http:\/\/www.foiredelasaintebarbe.fr\/?page_id=2308#breadcrumb\"},\"inLanguage\":\"fr-FR\",\"potentialAction\":[{\"@type\":\"ReadAction\",\"target\":[\"http:\/\/www.foiredelasaintebarbe.fr\/?page_id=2308\"]}]},{\"@type\":\"BreadcrumbList\",\"@id\":\"http:\/\/www.foiredelasaintebarbe.fr\/?page_id=2308#breadcrumb\",\"itemListElement\":[{\"@type\":\"ListItem\",\"position\":1,\"name\":\"Accueil\",\"item\":\"http:\/\/www.foiredelasaintebarbe.fr\/\"},{\"@type\":\"ListItem\",\"position\":2,\"name\":\"Associations\"}]},{\"@type\":\"WebSite\",\"@id\":\"http:\/\/www.foiredelasaintebarbe.fr\/#website\",\"url\":\"http:\/\/www.foiredelasaintebarbe.fr\/\",\"name\":\"Foire de la Sainte Barbe\",\"description\":\"\",\"publisher\":{\"@id\":\"http:\/\/www.foiredelasaintebarbe.fr\/#organization\"},\"potentialAction\":[{\"@type\":\"SearchAction\",\"target\":{\"@type\":\"EntryPoint\",\"urlTemplate\":\"http:\/\/www.foiredelasaintebarbe.fr\/?s={search_term_string}\"},\"query-input\":{\"@type\":\"PropertyValueSpecification\",\"valueRequired\":true,\"valueName\":\"search_term_string\"}}],\"inLanguage\":\"fr-FR\"},{\"@type\":\"Organization\",\"@id\":\"http:\/\/www.foiredelasaintebarbe.fr\/#organization\",\"name\":\"foire de la sainte-barbe\",\"url\":\"http:\/\/www.foiredelasaintebarbe.fr\/\",\"logo\":{\"@type\":\"ImageObject\",\"inLanguage\":\"fr-FR\",\"@id\":\"http:\/\/www.foiredelasaintebarbe.fr\/#\/schema\/logo\/image\/\",\"url\":\"http:\/\/www.foiredelasaintebarbe.fr\/wp-content\/uploads\/2017\/07\/saint-barbe-bleu-icon.jpg\",\"contentUrl\":\"http:\/\/www.foiredelasaintebarbe.fr\/wp-content\/uploads\/2017\/07\/saint-barbe-bleu-icon.jpg\",\"width\":512,\"height\":515,\"caption\":\"foire de la sainte-barbe\"},\"image\":{\"@id\":\"http:\/\/www.foiredelasaintebarbe.fr\/#\/schema\/logo\/image\/\"}}]}<\/script>\n<!-- \/ Yoast SEO plugin. -->","yoast_head_json":{"title":"Associations - Foire de la Sainte Barbe","robots":{"index":"index","follow":"follow","max-snippet":"max-snippet:-1","max-image-preview":"max-image-preview:large","max-video-preview":"max-video-preview:-1"},"canonical":"http:\/\/www.foiredelasaintebarbe.fr\/?page_id=2308","og_locale":"fr_FR","og_type":"article","og_title":"Associations - Foire de la Sainte Barbe","og_description":"Ape Maurice Ti\u00e8che Contact: Sophie Likin Site Web: n\/a Apel Saint Vincent Contact: Nadine Emonet Site Web: www.apel-saint-vincent.org Bureau de la foire Contact: Gabriel Samperio Site Web: www.foiredelasaintebarbe.fr Campus Adventiste du Sal\u00e8ve Contact: Gabriel Samperio Site Web: www.campusadventiste.edu Club Nature et Sports de Montagne du Sal\u00e8ve Contact: Jacques Payet Site Web: cnsms7416.blogspot.fr Collonges Accueille Contact: &hellip; Continuer la lecture de &laquo;&nbsp;Associations&nbsp;&raquo;","og_url":"http:\/\/www.foiredelasaintebarbe.fr\/?page_id=2308","og_site_name":"Foire de la Sainte Barbe","article_modified_time":"2022-07-05T09:59:13+00:00","twitter_card":"summary_large_image","twitter_misc":{"Dur\u00e9e de lecture estim\u00e9e":"1 minute"},"schema":{"@context":"https:\/\/schema.org","@graph":[{"@type":"WebPage","@id":"http:\/\/www.foiredelasaintebarbe.fr\/?page_id=2308","url":"http:\/\/www.foiredelasaintebarbe.fr\/?page_id=2308","name":"Associations - Foire de la Sainte Barbe","isPartOf":{"@id":"http:\/\/www.foiredelasaintebarbe.fr\/#website"},"datePublished":"2017-11-19T13:37:09+00:00","dateModified":"2022-07-05T09:59:13+00:00","breadcrumb":{"@id":"http:\/\/www.foiredelasaintebarbe.fr\/?page_id=2308#breadcrumb"},"inLanguage":"fr-FR","potentialAction":[{"@type":"ReadAction","target":["http:\/\/www.foiredelasaintebarbe.fr\/?page_id=2308"]}]},{"@type":"BreadcrumbList","@id":"http:\/\/www.foiredelasaintebarbe.fr\/?page_id=2308#breadcrumb","itemListElement":[{"@type":"ListItem","position":1,"name":"Accueil","item":"http:\/\/www.foiredelasaintebarbe.fr\/"},{"@type":"ListItem","position":2,"name":"Associations"}]},{"@type":"WebSite","@id":"http:\/\/www.foiredelasaintebarbe.fr\/#website","url":"http:\/\/www.foiredelasaintebarbe.fr\/","name":"Foire de la Sainte Barbe","description":"","publisher":{"@id":"http:\/\/www.foiredelasaintebarbe.fr\/#organization"},"potentialAction":[{"@type":"SearchAction","target":{"@type":"EntryPoint","urlTemplate":"http:\/\/www.foiredelasaintebarbe.fr\/?s={search_term_string}"},"query-input":{"@type":"PropertyValueSpecification","valueRequired":true,"valueName":"search_term_string"}}],"inLanguage":"fr-FR"},{"@type":"Organization","@id":"http:\/\/www.foiredelasaintebarbe.fr\/#organization","name":"foire de la sainte-barbe","url":"http:\/\/www.foiredelasaintebarbe.fr\/","logo":{"@type":"ImageObject","inLanguage":"fr-FR","@id":"http:\/\/www.foiredelasaintebarbe.fr\/#\/schema\/logo\/image\/","url":"http:\/\/www.foiredelasaintebarbe.fr\/wp-content\/uploads\/2017\/07\/saint-barbe-bleu-icon.jpg","contentUrl":"http:\/\/www.foiredelasaintebarbe.fr\/wp-content\/uploads\/2017\/07\/saint-barbe-bleu-icon.jpg","width":512,"height":515,"caption":"foire de la sainte-barbe"},"image":{"@id":"http:\/\/www.foiredelasaintebarbe.fr\/#\/schema\/logo\/image\/"}}]}},"_links":{"self":[{"href":"http:\/\/www.foiredelasaintebarbe.fr\/index.php?rest_route=\/wp\/v2\/pages\/2308","targetHints":{"allow":["GET"]}}],"collection":[{"href":"http:\/\/www.foiredelasaintebarbe.fr\/index.php?rest_route=\/wp\/v2\/pages"}],"about":[{"href":"http:\/\/www.foiredelasaintebarbe.fr\/index.php?rest_route=\/wp\/v2\/types\/page"}],"author":[{"embeddable":true,"href":"http:\/\/www.foiredelasaintebarbe.fr\/index.php?rest_route=\/wp\/v2\/users\/1"}],"replies":[{"embeddable":true,"href":"http:\/\/www.foiredelasaintebarbe.fr\/index.php?rest_route=%2Fwp%2Fv2%2Fcomments&post=2308"}],"version-history":[{"count":15,"href":"http:\/\/www.foiredelasaintebarbe.fr\/index.php?rest_route=\/wp\/v2\/pages\/2308\/revisions"}],"predecessor-version":[{"id":2512,"href":"http:\/\/www.foiredelasaintebarbe.fr\/index.php?rest_route=\/wp\/v2\/pages\/2308\/revisions\/2512"}],"wp:attachment":[{"href":"http:\/\/www.foiredelasaintebarbe.fr\/index.php?rest_route=%2Fwp%2Fv2%2Fmedia&parent=2308"}],"curies":[{"name":"wp","href":"https:\/\/api.w.org\/{rel}","templated":true}]}}