{"id":28,"date":"2017-07-25T07:59:58","date_gmt":"2017-07-25T07:59:58","guid":{"rendered":"http:\/\/saintebarbe.skiclubmauricetieche.fr\/?page_id=28"},"modified":"2025-11-14T12:39:16","modified_gmt":"2025-11-14T12:39:16","slug":"historique","status":"publish","type":"page","link":"https:\/\/www.foiredelasaintebarbe.fr\/?page_id=28","title":{"rendered":"Historique"},"content":{"rendered":"\t\t<div data-elementor-type=\"wp-page\" data-elementor-id=\"28\" class=\"elementor elementor-28\">\n\t\t\t\t\t\t<section class=\"elementor-section elementor-top-section elementor-element elementor-element-3bd838d5 elementor-section-boxed elementor-section-height-default elementor-section-height-default\" data-id=\"3bd838d5\" data-element_type=\"section\" data-e-type=\"section\">\n\t\t\t\t\t\t<div class=\"elementor-container elementor-column-gap-default\">\n\t\t\t\t\t<div class=\"elementor-column elementor-col-100 elementor-top-column elementor-element elementor-element-37722611\" data-id=\"37722611\" data-element_type=\"column\" data-e-type=\"column\">\n\t\t\t<div class=\"elementor-widget-wrap elementor-element-populated\">\n\t\t\t\t\t\t<div class=\"elementor-element elementor-element-1f6bef6a elementor-widget elementor-widget-text-editor\" data-id=\"1f6bef6a\" data-element_type=\"widget\" data-e-type=\"widget\" data-widget_type=\"text-editor.default\">\n\t\t\t\t<div class=\"elementor-widget-container\">\n\t\t\t\t\t\t\t\t\t<p>La foire de la Sainte-Barbe est une foire commerciale organis\u00e9e depuis <span style=\"color: #7ab3d9;\"><strong>1983<\/strong>,<\/span> qui a lieu, g\u00e9n\u00e9ralement,\u00a0le dernier week-end de novembre \u00e0 Collonges sous Sal\u00e8ve.\u00a0 Cette f\u00eate est organis\u00e9e en partenariat avec les <a href=\"http:\/\/www.foiredelasaintebarbe.fr\/?page_id=2308\">associations Collongeoises <\/a>et quelques sponsors.<\/p><p><strong><span style=\"color: #7ab3d9;\">Le dimanche<\/span> <\/strong>de la\u00a0Foire, \u00a0en lieu et place du\u00a0march\u00e9 dominical, les commer\u00e7ants habituels et des forains <strong><span style=\"color: #7ab3d9;\">investissent les rues de notre village<\/span> <\/strong>pour participer au grand d\u00e9ballage que tout le monde conna\u00eet et appr\u00e9cie.<\/p><p>Tradition\u00a0:<\/p><div><blockquote dir=\"ltr\"><p><strong><span style=\"color: #7ab3d9;\">Le premier samedi de d\u00e9cembre, \u00e0 Bozel en\u00a0Savoie, la chapelle Sainte-Barbe est exceptionnellement ouverte, et une messe y est c\u00e9l\u00e9br\u00e9e le matin. S&rsquo;ensuit une <img decoding=\"async\" src=\"http:\/\/saintebarbe.skiclubmauricetieche.fr\/wp-content\/uploads\/2017\/07\/saint-barbe-bleu-icon-298x300.jpg\" alt=\"\" width=\"120\" height=\"121\" \/>d\u00e9gustation de soupe traditionnelle (haricots et lard), pr\u00e9par\u00e9e durant la nuit dans un immense chaudron par les habitants et partag\u00e9e entre toutes les personnes pr\u00e9sentes.<\/span><\/strong><\/p><\/blockquote><\/div><blockquote><p><strong><span style=\"color: #7ab3d9;\">A Collonges-sous-Sal\u00e8ve, la tradition veut que toutes les communaut\u00e9s viennent \u00e0 la foire de la Sainte-Barbe 3 jours durant, pour y faire la f\u00eate, partager des liens amicaux ou familiaux,\u00a0d\u00e9guster des hu\u00eetres et des crevettes ainsi que des sp\u00e9cialit\u00e9s r\u00e9gionales.<\/span><\/strong><\/p><\/blockquote><div><blockquote><p><span style=\"color: #7ab3d9;\"><strong>D&rsquo;aucuns peuvent demander les pri\u00e8res de la Sainte-Barbe pour \u00eatre\u00a0prot\u00e9g\u00e9s de la foudre, mais elle est aussi la patronne, le mod\u00e8le et la protectrice des architectes, des g\u00e9ologues, des pompiers, des mineurs et autres corporations li\u00e9es au feu.<\/strong><\/span><\/p><\/blockquote><\/div><blockquote><p><span style=\"color: #7ab3d9;\"><strong>Au sein du corps des sapeurs-pompiers, la f\u00eate de la Sainte-Barbe est souvent associ\u00e9e \u00e0 un d\u00e9fil\u00e9, \u00e0 un repas et \u00e0 un bal, et ce <span style=\"color: #7ab3d9;\">dans<\/span> de nombreuses villes de France.<\/strong><\/span><\/p><\/blockquote><p>Les Pr\u00e9sidents \u00e0 travers les ann\u00e9es :<\/p><p align=\"left\"><span style=\"color: #333333;\">de 1983 \u00e0 1984 &#8211;\u00a0<strong><span style=\"color: #7ab3d9;\">J. Graff<\/span> <\/strong>&#8211; 2 foires<br \/><\/span><\/p><p align=\"left\"><span style=\"color: #333333;\">de 1985 \u00e0 1987\u00a0&#8211;<strong><span style=\"color: #7ab3d9;\"> M. Pilloud<\/span> <\/strong>&#8211; 3 foires<br \/><\/span><\/p><p align=\"left\"><span style=\"color: #333333;\">de 1988 \u00e0 1994\u00a0 &#8211; <strong><span style=\"color: #7ab3d9;\">F. Gonon<\/span><\/strong> &#8211; 7 foires<br \/><\/span><\/p><p align=\"left\"><span style=\"color: #333333;\">de 1995 \u00e0 1996\u00a0 &#8211; <strong><span style=\"color: #7ab3d9;\">C. Rudaz<\/span><\/strong> &#8211; 2 foires<br \/><\/span><\/p><p align=\"left\"><span style=\"color: #333333;\">de 1997 \u00e0 1998 &#8211; <strong><span style=\"color: #7ab3d9;\">J.L. Annessi<\/span> <\/strong>&#8211; 2 foires<br \/><\/span><\/p><p align=\"left\"><span style=\"color: #333333;\">de 1999 \u00e0 1999 &#8211; <strong><span style=\"color: #7ab3d9;\">P. Balleur<\/span> <\/strong>&#8211; 1 foires<br \/><\/span><\/p><p align=\"left\"><span style=\"color: #333333;\">de 2000 \u00e0 2013 &#8211; <strong><span style=\"color: #7ab3d9;\">G. Reix<\/span> <\/strong>&#8211; 14 foires, ca fait beaucoup de foires&#8230;<br \/><\/span><\/p><p align=\"left\"><span style=\"color: #333333;\">de 2014 \u00a0\u00e0 2024 &#8211; <strong><span style=\"color: #7ab3d9;\">G. Samperio<\/span><\/strong>\u00a0&#8211; 10 foires<\/span><\/p><p align=\"left\"><span style=\"color: #333333;\">de 2025\u00a0 \u00e0 ce jour &#8211; <\/span><span style=\"font-weight: bold; color: #333333;\"><span style=\"color: #7ab3d9;\">B. Samperio<\/span><\/span><span style=\"color: #333333;\">\u00a0<\/span><\/p>\t\t\t\t\t\t\t\t<\/div>\n\t\t\t\t<\/div>\n\t\t\t\t\t<\/div>\n\t\t<\/div>\n\t\t\t\t\t<\/div>\n\t\t<\/section>\n\t\t\t\t<\/div>\n\t\t","protected":false},"excerpt":{"rendered":"<p>La foire de la Sainte-Barbe est une foire commerciale organis\u00e9e depuis 1983, qui a lieu, g\u00e9n\u00e9ralement,\u00a0le dernier week-end de novembre \u00e0 Collonges sous Sal\u00e8ve.\u00a0 Cette f\u00eate est organis\u00e9e en partenariat avec les associations Collongeoises et quelques sponsors. Le dimanche de la\u00a0Foire, \u00a0en lieu et place du\u00a0march\u00e9 dominical, les commer\u00e7ants habituels et des forains investissent les &hellip; <\/p>\n<p class=\"link-more\"><a href=\"https:\/\/www.foiredelasaintebarbe.fr\/?page_id=28\" class=\"more-link\">Continuer la lecture<span class=\"screen-reader-text\"> de &laquo;&nbsp;Historique&nbsp;&raquo;<\/span><\/a><\/p>\n","protected":false},"author":1,"featured_media":0,"parent":0,"menu_order":0,"comment_status":"closed","ping_status":"closed","template":"","meta":{"footnotes":""},"class_list":["post-28","page","type-page","status-publish","hentry"],"yoast_head":"<!-- This site is optimized with the Yoast SEO plugin v27.2 - https:\/\/yoast.com\/product\/yoast-seo-wordpress\/ -->\n<title>Historique - Foire de la Sainte Barbe<\/title>\n<meta name=\"robots\" content=\"index, follow, max-snippet:-1, max-image-preview:large, max-video-preview:-1\" \/>\n<link rel=\"canonical\" href=\"https:\/\/www.foiredelasaintebarbe.fr\/?page_id=28\" \/>\n<meta property=\"og:locale\" content=\"fr_FR\" \/>\n<meta property=\"og:type\" content=\"article\" \/>\n<meta property=\"og:title\" content=\"Historique - Foire de la Sainte Barbe\" \/>\n<meta property=\"og:description\" content=\"La foire de la Sainte-Barbe est une foire commerciale organis\u00e9e depuis 1983, qui a lieu, g\u00e9n\u00e9ralement,\u00a0le dernier week-end de novembre \u00e0 Collonges sous Sal\u00e8ve.\u00a0 Cette f\u00eate est organis\u00e9e en partenariat avec les associations Collongeoises et quelques sponsors. Le dimanche de la\u00a0Foire, \u00a0en lieu et place du\u00a0march\u00e9 dominical, les commer\u00e7ants habituels et des forains investissent les &hellip; Continuer la lecture de &laquo;&nbsp;Historique&nbsp;&raquo;\" \/>\n<meta property=\"og:url\" content=\"https:\/\/www.foiredelasaintebarbe.fr\/?page_id=28\" \/>\n<meta property=\"og:site_name\" content=\"Foire de la Sainte Barbe\" \/>\n<meta property=\"article:modified_time\" content=\"2025-11-14T12:39:16+00:00\" \/>\n<meta property=\"og:image\" content=\"http:\/\/saintebarbe.skiclubmauricetieche.fr\/wp-content\/uploads\/2017\/07\/saint-barbe-bleu-icon-298x300.jpg\" \/>\n<meta name=\"twitter:card\" content=\"summary_large_image\" \/>\n<meta name=\"twitter:label1\" content=\"Dur\u00e9e de lecture estim\u00e9e\" \/>\n\t<meta name=\"twitter:data1\" content=\"2 minutes\" \/>\n<script type=\"application\/ld+json\" class=\"yoast-schema-graph\">{\"@context\":\"https:\/\/schema.org\",\"@graph\":[{\"@type\":\"WebPage\",\"@id\":\"https:\/\/www.foiredelasaintebarbe.fr\/?page_id=28\",\"url\":\"https:\/\/www.foiredelasaintebarbe.fr\/?page_id=28\",\"name\":\"Historique - Foire de la Sainte Barbe\",\"isPartOf\":{\"@id\":\"http:\/\/www.foiredelasaintebarbe.fr\/#website\"},\"primaryImageOfPage\":{\"@id\":\"https:\/\/www.foiredelasaintebarbe.fr\/?page_id=28#primaryimage\"},\"image\":{\"@id\":\"https:\/\/www.foiredelasaintebarbe.fr\/?page_id=28#primaryimage\"},\"thumbnailUrl\":\"http:\/\/saintebarbe.skiclubmauricetieche.fr\/wp-content\/uploads\/2017\/07\/saint-barbe-bleu-icon-298x300.jpg\",\"datePublished\":\"2017-07-25T07:59:58+00:00\",\"dateModified\":\"2025-11-14T12:39:16+00:00\",\"breadcrumb\":{\"@id\":\"https:\/\/www.foiredelasaintebarbe.fr\/?page_id=28#breadcrumb\"},\"inLanguage\":\"fr-FR\",\"potentialAction\":[{\"@type\":\"ReadAction\",\"target\":[\"https:\/\/www.foiredelasaintebarbe.fr\/?page_id=28\"]}]},{\"@type\":\"ImageObject\",\"inLanguage\":\"fr-FR\",\"@id\":\"https:\/\/www.foiredelasaintebarbe.fr\/?page_id=28#primaryimage\",\"url\":\"http:\/\/saintebarbe.skiclubmauricetieche.fr\/wp-content\/uploads\/2017\/07\/saint-barbe-bleu-icon-298x300.jpg\",\"contentUrl\":\"http:\/\/saintebarbe.skiclubmauricetieche.fr\/wp-content\/uploads\/2017\/07\/saint-barbe-bleu-icon-298x300.jpg\"},{\"@type\":\"BreadcrumbList\",\"@id\":\"https:\/\/www.foiredelasaintebarbe.fr\/?page_id=28#breadcrumb\",\"itemListElement\":[{\"@type\":\"ListItem\",\"position\":1,\"name\":\"Accueil\",\"item\":\"http:\/\/www.foiredelasaintebarbe.fr\/\"},{\"@type\":\"ListItem\",\"position\":2,\"name\":\"Historique\"}]},{\"@type\":\"WebSite\",\"@id\":\"http:\/\/www.foiredelasaintebarbe.fr\/#website\",\"url\":\"http:\/\/www.foiredelasaintebarbe.fr\/\",\"name\":\"Foire de la Sainte Barbe\",\"description\":\"\",\"publisher\":{\"@id\":\"http:\/\/www.foiredelasaintebarbe.fr\/#organization\"},\"potentialAction\":[{\"@type\":\"SearchAction\",\"target\":{\"@type\":\"EntryPoint\",\"urlTemplate\":\"http:\/\/www.foiredelasaintebarbe.fr\/?s={search_term_string}\"},\"query-input\":{\"@type\":\"PropertyValueSpecification\",\"valueRequired\":true,\"valueName\":\"search_term_string\"}}],\"inLanguage\":\"fr-FR\"},{\"@type\":\"Organization\",\"@id\":\"http:\/\/www.foiredelasaintebarbe.fr\/#organization\",\"name\":\"foire de la sainte-barbe\",\"url\":\"http:\/\/www.foiredelasaintebarbe.fr\/\",\"logo\":{\"@type\":\"ImageObject\",\"inLanguage\":\"fr-FR\",\"@id\":\"http:\/\/www.foiredelasaintebarbe.fr\/#\/schema\/logo\/image\/\",\"url\":\"http:\/\/www.foiredelasaintebarbe.fr\/wp-content\/uploads\/2017\/07\/saint-barbe-bleu-icon.jpg\",\"contentUrl\":\"http:\/\/www.foiredelasaintebarbe.fr\/wp-content\/uploads\/2017\/07\/saint-barbe-bleu-icon.jpg\",\"width\":512,\"height\":515,\"caption\":\"foire de la sainte-barbe\"},\"image\":{\"@id\":\"http:\/\/www.foiredelasaintebarbe.fr\/#\/schema\/logo\/image\/\"}}]}<\/script>\n<!-- \/ Yoast SEO plugin. -->","yoast_head_json":{"title":"Historique - Foire de la Sainte Barbe","robots":{"index":"index","follow":"follow","max-snippet":"max-snippet:-1","max-image-preview":"max-image-preview:large","max-video-preview":"max-video-preview:-1"},"canonical":"https:\/\/www.foiredelasaintebarbe.fr\/?page_id=28","og_locale":"fr_FR","og_type":"article","og_title":"Historique - Foire de la Sainte Barbe","og_description":"La foire de la Sainte-Barbe est une foire commerciale organis\u00e9e depuis 1983, qui a lieu, g\u00e9n\u00e9ralement,\u00a0le dernier week-end de novembre \u00e0 Collonges sous Sal\u00e8ve.\u00a0 Cette f\u00eate est organis\u00e9e en partenariat avec les associations Collongeoises et quelques sponsors. Le dimanche de la\u00a0Foire, \u00a0en lieu et place du\u00a0march\u00e9 dominical, les commer\u00e7ants habituels et des forains investissent les &hellip; Continuer la lecture de &laquo;&nbsp;Historique&nbsp;&raquo;","og_url":"https:\/\/www.foiredelasaintebarbe.fr\/?page_id=28","og_site_name":"Foire de la Sainte Barbe","article_modified_time":"2025-11-14T12:39:16+00:00","og_image":[{"url":"http:\/\/saintebarbe.skiclubmauricetieche.fr\/wp-content\/uploads\/2017\/07\/saint-barbe-bleu-icon-298x300.jpg","type":"","width":"","height":""}],"twitter_card":"summary_large_image","twitter_misc":{"Dur\u00e9e de lecture estim\u00e9e":"2 minutes"},"schema":{"@context":"https:\/\/schema.org","@graph":[{"@type":"WebPage","@id":"https:\/\/www.foiredelasaintebarbe.fr\/?page_id=28","url":"https:\/\/www.foiredelasaintebarbe.fr\/?page_id=28","name":"Historique - Foire de la Sainte Barbe","isPartOf":{"@id":"http:\/\/www.foiredelasaintebarbe.fr\/#website"},"primaryImageOfPage":{"@id":"https:\/\/www.foiredelasaintebarbe.fr\/?page_id=28#primaryimage"},"image":{"@id":"https:\/\/www.foiredelasaintebarbe.fr\/?page_id=28#primaryimage"},"thumbnailUrl":"http:\/\/saintebarbe.skiclubmauricetieche.fr\/wp-content\/uploads\/2017\/07\/saint-barbe-bleu-icon-298x300.jpg","datePublished":"2017-07-25T07:59:58+00:00","dateModified":"2025-11-14T12:39:16+00:00","breadcrumb":{"@id":"https:\/\/www.foiredelasaintebarbe.fr\/?page_id=28#breadcrumb"},"inLanguage":"fr-FR","potentialAction":[{"@type":"ReadAction","target":["https:\/\/www.foiredelasaintebarbe.fr\/?page_id=28"]}]},{"@type":"ImageObject","inLanguage":"fr-FR","@id":"https:\/\/www.foiredelasaintebarbe.fr\/?page_id=28#primaryimage","url":"http:\/\/saintebarbe.skiclubmauricetieche.fr\/wp-content\/uploads\/2017\/07\/saint-barbe-bleu-icon-298x300.jpg","contentUrl":"http:\/\/saintebarbe.skiclubmauricetieche.fr\/wp-content\/uploads\/2017\/07\/saint-barbe-bleu-icon-298x300.jpg"},{"@type":"BreadcrumbList","@id":"https:\/\/www.foiredelasaintebarbe.fr\/?page_id=28#breadcrumb","itemListElement":[{"@type":"ListItem","position":1,"name":"Accueil","item":"http:\/\/www.foiredelasaintebarbe.fr\/"},{"@type":"ListItem","position":2,"name":"Historique"}]},{"@type":"WebSite","@id":"http:\/\/www.foiredelasaintebarbe.fr\/#website","url":"http:\/\/www.foiredelasaintebarbe.fr\/","name":"Foire de la Sainte Barbe","description":"","publisher":{"@id":"http:\/\/www.foiredelasaintebarbe.fr\/#organization"},"potentialAction":[{"@type":"SearchAction","target":{"@type":"EntryPoint","urlTemplate":"http:\/\/www.foiredelasaintebarbe.fr\/?s={search_term_string}"},"query-input":{"@type":"PropertyValueSpecification","valueRequired":true,"valueName":"search_term_string"}}],"inLanguage":"fr-FR"},{"@type":"Organization","@id":"http:\/\/www.foiredelasaintebarbe.fr\/#organization","name":"foire de la sainte-barbe","url":"http:\/\/www.foiredelasaintebarbe.fr\/","logo":{"@type":"ImageObject","inLanguage":"fr-FR","@id":"http:\/\/www.foiredelasaintebarbe.fr\/#\/schema\/logo\/image\/","url":"http:\/\/www.foiredelasaintebarbe.fr\/wp-content\/uploads\/2017\/07\/saint-barbe-bleu-icon.jpg","contentUrl":"http:\/\/www.foiredelasaintebarbe.fr\/wp-content\/uploads\/2017\/07\/saint-barbe-bleu-icon.jpg","width":512,"height":515,"caption":"foire de la sainte-barbe"},"image":{"@id":"http:\/\/www.foiredelasaintebarbe.fr\/#\/schema\/logo\/image\/"}}]}},"_links":{"self":[{"href":"https:\/\/www.foiredelasaintebarbe.fr\/index.php?rest_route=\/wp\/v2\/pages\/28","targetHints":{"allow":["GET"]}}],"collection":[{"href":"https:\/\/www.foiredelasaintebarbe.fr\/index.php?rest_route=\/wp\/v2\/pages"}],"about":[{"href":"https:\/\/www.foiredelasaintebarbe.fr\/index.php?rest_route=\/wp\/v2\/types\/page"}],"author":[{"embeddable":true,"href":"https:\/\/www.foiredelasaintebarbe.fr\/index.php?rest_route=\/wp\/v2\/users\/1"}],"replies":[{"embeddable":true,"href":"https:\/\/www.foiredelasaintebarbe.fr\/index.php?rest_route=%2Fwp%2Fv2%2Fcomments&post=28"}],"version-history":[{"count":13,"href":"https:\/\/www.foiredelasaintebarbe.fr\/index.php?rest_route=\/wp\/v2\/pages\/28\/revisions"}],"predecessor-version":[{"id":2633,"href":"https:\/\/www.foiredelasaintebarbe.fr\/index.php?rest_route=\/wp\/v2\/pages\/28\/revisions\/2633"}],"wp:attachment":[{"href":"https:\/\/www.foiredelasaintebarbe.fr\/index.php?rest_route=%2Fwp%2Fv2%2Fmedia&parent=28"}],"curies":[{"name":"wp","href":"https:\/\/api.w.org\/{rel}","templated":true}]}}