{"id":34,"date":"2017-07-25T08:13:59","date_gmt":"2017-07-25T08:13:59","guid":{"rendered":"http:\/\/saintebarbe.skiclubmauricetieche.fr\/?page_id=34"},"modified":"2025-07-02T18:06:55","modified_gmt":"2025-07-02T18:06:55","slug":"mot-du-president","status":"publish","type":"page","link":"https:\/\/www.foiredelasaintebarbe.fr\/?page_id=34","title":{"rendered":"Mot du pr\u00e9sident"},"content":{"rendered":"\t\t<div data-elementor-type=\"wp-page\" data-elementor-id=\"34\" class=\"elementor elementor-34\">\n\t\t\t\t\t\t<section class=\"elementor-section elementor-top-section elementor-element elementor-element-6a1f5d30 elementor-section-boxed elementor-section-height-default elementor-section-height-default\" data-id=\"6a1f5d30\" data-element_type=\"section\" data-e-type=\"section\">\n\t\t\t\t\t\t<div class=\"elementor-container elementor-column-gap-default\">\n\t\t\t\t\t<div class=\"elementor-column elementor-col-100 elementor-top-column elementor-element elementor-element-3b9d4f1f\" data-id=\"3b9d4f1f\" data-element_type=\"column\" data-e-type=\"column\">\n\t\t\t<div class=\"elementor-widget-wrap elementor-element-populated\">\n\t\t\t\t\t\t<div class=\"elementor-element elementor-element-75e9e349 elementor-widget elementor-widget-text-editor\" data-id=\"75e9e349\" data-element_type=\"widget\" data-e-type=\"widget\" data-widget_type=\"text-editor.default\">\n\t\t\t\t<div class=\"elementor-widget-container\">\n\t\t\t\t\t\t\t\t\t<div style=\"text-align: center;\" data-ogsc=\"rgb(0, 0, 0)\"><span style=\"color: #7ab3d9;\"><b data-ogsc=\"\"><i data-ogsc=\"\" data-olk-copy-source=\"MessageBody\">Retour de la Foire de la Sainte-Barbe \u00e0 Collonges-sous-Sal\u00e8ve<\/i><\/b><\/span><\/div><div data-ogsc=\"rgb(0, 0, 0)\">\u00a0<\/div><div data-ogsc=\"rgb(0, 0, 0)\"><i data-ogsc=\"\">Apr\u00e8s une pause d&rsquo;un an, la c\u00e9l\u00e8bre Foire de la Sainte-Barbe fait son grand retour \u00e0 Collonges-sous-Sal\u00e8ve, port\u00e9e par un nouveau bureau dynamique et passionn\u00e9. Cet \u00e9v\u00e9nement embl\u00e9matique communal, ancr\u00e9 dans les traditions locales, promet une \u00e9dition 2025 haute en couleurs, c\u00e9l\u00e9brant le patrimoine et la convivialit\u00e9.<br \/><br \/><\/i><\/div><div data-ogsc=\"rgb(0, 0, 0)\"><i data-ogsc=\"\">Sous l\u2019impulsion d\u2019un comit\u00e9 renouvel\u00e9, la foire retrouvera son \u00e9clat d\u2019antan tout en s\u2019ouvrant \u00e0 des changements. Le nouveau bureau, compos\u00e9 de b\u00e9n\u00e9voles engag\u00e9s et d\u2019acteurs locaux, travaille pour offrir un programme riche et vari\u00e9. Les visiteurs pourront bien entendu d\u00e9ambuler le dimanche parmi les stands d\u2019artisans, savourer des produits du terroir et d\u00e9couvrir des animations pour tous les \u00e2ges. Des ateliers traditionnels, des spectacles et des activit\u00e9s pour enfants rythmeront cette journ\u00e9e festive, renfor\u00e7ant les liens communautaires.<br \/><br \/><\/i><\/div><div data-ogsc=\"rgb(0, 0, 0)\"><i data-ogsc=\"\">La Foire de la Sainte-Barbe, qui honore \u00e0 l&rsquo;origine la patronne des mineurs et des pompiers, est bien plus qu\u2019un march\u00e9 : c\u2019est un moment de partage et de m\u00e9moire collective pour la population de Collonges-sous-Sal\u00e8ve et ses nombreux visiteurs.<\/i><\/div><div data-ogsc=\"rgb(0, 0, 0)\">\u00a0<\/div><div data-ogsc=\"rgb(0, 0, 0)\"><i data-ogsc=\"\">Rendez-vous incontournable de notre commune, la foire s\u2019annonce comme une belle r\u00e9ussite gr\u00e2ce \u00e0 la vision novatrice du nouveau bureau. Il sera n\u00e9anmoins difficile d&rsquo;\u00e9galer la maitrise de l&rsquo;\u00e9v\u00e8nement men\u00e9 par mon fr\u00e8re Gabriel et son \u00e9quipe durant ces 12 ann\u00e9es en tant que pr\u00e9sident. Une partie de l&rsquo;\u00e9quipe continue l&rsquo;aventure et elle a \u00e9t\u00e9 compl\u00e9t\u00e9e par de nouveaux membres motiv\u00e9s et d\u00e9sireux de vous faire vivre de tr\u00e8s bons moments.\u00a0 \u00a0 \u00a0 \u00a0 \u00a0 \u00a0 \u00a0 \u00a0 \u00a0 \u00a0 \u00a0 \u00a0 \u00a0 \u00a0 \u00a0 \u00a0 \u00a0 \u00a0 \u00a0 \u00a0 \u00a0 \u00a0 \u00a0 \u00a0 \u00a0 \u00a0 \u00a0 \u00a0 \u00a0 \u00a0 \u00a0 \u00a0 \u00a0 \u00a0 \u00a0 \u00a0 \u00a0 \u00a0 \u00a0 \u00a0 \u00a0 \u00a0 \u00a0 \u00a0 \u00a0 \u00a0 \u00a0 \u00a0 \u00a0 \u00a0 \u00a0 \u00a0 \u00a0 \u00a0 \u00a0 \u00a0 \u00a0 \u00a0 \u00a0 \u00a0 \u00a0 \u00a0 \u00a0 \u00a0 \u00a0 \u00a0 \u00a0 \u00a0 \u00a0 \u00a0 \u00a0 \u00a0 \u00a0 \u00a0 \u00a0 \u00a0 \u00a0 \u00a0 \u00a0 \u00a0 \u00a0 \u00a0 \u00a0 \u00a0 \u00a0 \u00a0<\/i><\/div><div data-ogsc=\"rgb(0, 0, 0)\"><i data-ogsc=\"\">Venez nombreux c\u00e9l\u00e9brer cet h\u00e9ritage vivant, o\u00f9 tradition et innovation se rencontrent pour cr\u00e9er des souvenirs inoubliables. Que la Sainte-Barbe illumine cette fin d&rsquo;ann\u00e9e \u00e0 venir malgr\u00e9 les circonstances internationales !<\/i><\/div><div data-ogsc=\"rgb(0, 0, 0)\">\u00a0<\/div><div data-ogsc=\"rgb(0, 0, 0)\"><i data-ogsc=\"\">Cette ann\u00e9e, nous f\u00eaterons la 40e \u00e9dition de la Foire. Elle commencera le samedi 29 novembre 2025 \u00e0 16h \u00e0 la salle des f\u00eates pour se terminer le dimanche 30 novembre 2025 \u00e0 17h. De belles surprises vous attendent !<\/i><\/div><div data-ogsc=\"rgb(0, 0, 0)\">\u00a0<\/div><div data-ogsc=\"rgb(0, 0, 0)\"><span style=\"color: #7ab3d9;\"><i data-ogsc=\"\">Benjamin Samperio, nouveau pr\u00e9sident de la Foire de la Sainte Barbe<\/i><\/span><\/div><div data-ogsc=\"rgb(0, 0, 0)\">\u00a0<\/div><div data-ogsc=\"rgb(0, 0, 0)\">\u00a0<\/div><div data-ogsc=\"rgb(0, 0, 0)\">Merci !<\/div><div data-ogsc=\"rgb(0, 0, 0)\">\u00a0<\/div><p align=\"center\">\u00a0<\/p><div data-ogsc=\"rgb(0, 0, 0)\">Benjamin.<\/div>\t\t\t\t\t\t\t\t<\/div>\n\t\t\t\t<\/div>\n\t\t\t\t\t<\/div>\n\t\t<\/div>\n\t\t\t\t\t<\/div>\n\t\t<\/section>\n\t\t\t\t<\/div>\n\t\t","protected":false},"excerpt":{"rendered":"<p>Retour de la Foire de la Sainte-Barbe \u00e0 Collonges-sous-Sal\u00e8ve\u00a0Apr\u00e8s une pause d&rsquo;un an, la c\u00e9l\u00e8bre Foire de la Sainte-Barbe fait son grand retour \u00e0 Collonges-sous-Sal\u00e8ve, port\u00e9e par un nouveau bureau dynamique et passionn\u00e9. Cet \u00e9v\u00e9nement embl\u00e9matique communal, ancr\u00e9 dans les traditions locales, promet une \u00e9dition 2025 haute en couleurs, c\u00e9l\u00e9brant le patrimoine et la convivialit\u00e9. &hellip; <\/p>\n<p class=\"link-more\"><a href=\"https:\/\/www.foiredelasaintebarbe.fr\/?page_id=34\" class=\"more-link\">Continuer la lecture<span class=\"screen-reader-text\"> de &laquo;&nbsp;Mot du pr\u00e9sident&nbsp;&raquo;<\/span><\/a><\/p>\n","protected":false},"author":1,"featured_media":0,"parent":0,"menu_order":0,"comment_status":"closed","ping_status":"closed","template":"","meta":{"footnotes":""},"class_list":["post-34","page","type-page","status-publish","hentry"],"yoast_head":"<!-- This site is optimized with the Yoast SEO plugin v27.2 - https:\/\/yoast.com\/product\/yoast-seo-wordpress\/ -->\n<title>Mot du pr\u00e9sident - Foire de la Sainte Barbe<\/title>\n<meta name=\"robots\" content=\"index, follow, max-snippet:-1, max-image-preview:large, max-video-preview:-1\" \/>\n<link rel=\"canonical\" href=\"http:\/\/www.foiredelasaintebarbe.fr\/?page_id=34\" \/>\n<meta property=\"og:locale\" content=\"fr_FR\" \/>\n<meta property=\"og:type\" content=\"article\" \/>\n<meta property=\"og:title\" content=\"Mot du pr\u00e9sident - Foire de la Sainte Barbe\" \/>\n<meta property=\"og:description\" content=\"Retour de la Foire de la Sainte-Barbe \u00e0 Collonges-sous-Sal\u00e8ve\u00a0Apr\u00e8s une pause d&rsquo;un an, la c\u00e9l\u00e8bre Foire de la Sainte-Barbe fait son grand retour \u00e0 Collonges-sous-Sal\u00e8ve, port\u00e9e par un nouveau bureau dynamique et passionn\u00e9. Cet \u00e9v\u00e9nement embl\u00e9matique communal, ancr\u00e9 dans les traditions locales, promet une \u00e9dition 2025 haute en couleurs, c\u00e9l\u00e9brant le patrimoine et la convivialit\u00e9. &hellip; Continuer la lecture de &laquo;&nbsp;Mot du pr\u00e9sident&nbsp;&raquo;\" \/>\n<meta property=\"og:url\" content=\"http:\/\/www.foiredelasaintebarbe.fr\/?page_id=34\" \/>\n<meta property=\"og:site_name\" content=\"Foire de la Sainte Barbe\" \/>\n<meta property=\"article:modified_time\" content=\"2025-07-02T18:06:55+00:00\" \/>\n<meta name=\"twitter:card\" content=\"summary_large_image\" \/>\n<meta name=\"twitter:label1\" content=\"Dur\u00e9e de lecture estim\u00e9e\" \/>\n\t<meta name=\"twitter:data1\" content=\"2 minutes\" \/>\n<script type=\"application\/ld+json\" class=\"yoast-schema-graph\">{\"@context\":\"https:\/\/schema.org\",\"@graph\":[{\"@type\":\"WebPage\",\"@id\":\"http:\/\/www.foiredelasaintebarbe.fr\/?page_id=34\",\"url\":\"http:\/\/www.foiredelasaintebarbe.fr\/?page_id=34\",\"name\":\"Mot du pr\u00e9sident - Foire de la Sainte Barbe\",\"isPartOf\":{\"@id\":\"http:\/\/www.foiredelasaintebarbe.fr\/#website\"},\"datePublished\":\"2017-07-25T08:13:59+00:00\",\"dateModified\":\"2025-07-02T18:06:55+00:00\",\"breadcrumb\":{\"@id\":\"http:\/\/www.foiredelasaintebarbe.fr\/?page_id=34#breadcrumb\"},\"inLanguage\":\"fr-FR\",\"potentialAction\":[{\"@type\":\"ReadAction\",\"target\":[\"http:\/\/www.foiredelasaintebarbe.fr\/?page_id=34\"]}]},{\"@type\":\"BreadcrumbList\",\"@id\":\"http:\/\/www.foiredelasaintebarbe.fr\/?page_id=34#breadcrumb\",\"itemListElement\":[{\"@type\":\"ListItem\",\"position\":1,\"name\":\"Accueil\",\"item\":\"http:\/\/www.foiredelasaintebarbe.fr\/\"},{\"@type\":\"ListItem\",\"position\":2,\"name\":\"Mot du pr\u00e9sident\"}]},{\"@type\":\"WebSite\",\"@id\":\"http:\/\/www.foiredelasaintebarbe.fr\/#website\",\"url\":\"http:\/\/www.foiredelasaintebarbe.fr\/\",\"name\":\"Foire de la Sainte Barbe\",\"description\":\"\",\"publisher\":{\"@id\":\"http:\/\/www.foiredelasaintebarbe.fr\/#organization\"},\"potentialAction\":[{\"@type\":\"SearchAction\",\"target\":{\"@type\":\"EntryPoint\",\"urlTemplate\":\"http:\/\/www.foiredelasaintebarbe.fr\/?s={search_term_string}\"},\"query-input\":{\"@type\":\"PropertyValueSpecification\",\"valueRequired\":true,\"valueName\":\"search_term_string\"}}],\"inLanguage\":\"fr-FR\"},{\"@type\":\"Organization\",\"@id\":\"http:\/\/www.foiredelasaintebarbe.fr\/#organization\",\"name\":\"foire de la sainte-barbe\",\"url\":\"http:\/\/www.foiredelasaintebarbe.fr\/\",\"logo\":{\"@type\":\"ImageObject\",\"inLanguage\":\"fr-FR\",\"@id\":\"http:\/\/www.foiredelasaintebarbe.fr\/#\/schema\/logo\/image\/\",\"url\":\"http:\/\/www.foiredelasaintebarbe.fr\/wp-content\/uploads\/2017\/07\/saint-barbe-bleu-icon.jpg\",\"contentUrl\":\"http:\/\/www.foiredelasaintebarbe.fr\/wp-content\/uploads\/2017\/07\/saint-barbe-bleu-icon.jpg\",\"width\":512,\"height\":515,\"caption\":\"foire de la sainte-barbe\"},\"image\":{\"@id\":\"http:\/\/www.foiredelasaintebarbe.fr\/#\/schema\/logo\/image\/\"}}]}<\/script>\n<!-- \/ Yoast SEO plugin. -->","yoast_head_json":{"title":"Mot du pr\u00e9sident - Foire de la Sainte Barbe","robots":{"index":"index","follow":"follow","max-snippet":"max-snippet:-1","max-image-preview":"max-image-preview:large","max-video-preview":"max-video-preview:-1"},"canonical":"http:\/\/www.foiredelasaintebarbe.fr\/?page_id=34","og_locale":"fr_FR","og_type":"article","og_title":"Mot du pr\u00e9sident - Foire de la Sainte Barbe","og_description":"Retour de la Foire de la Sainte-Barbe \u00e0 Collonges-sous-Sal\u00e8ve\u00a0Apr\u00e8s une pause d&rsquo;un an, la c\u00e9l\u00e8bre Foire de la Sainte-Barbe fait son grand retour \u00e0 Collonges-sous-Sal\u00e8ve, port\u00e9e par un nouveau bureau dynamique et passionn\u00e9. Cet \u00e9v\u00e9nement embl\u00e9matique communal, ancr\u00e9 dans les traditions locales, promet une \u00e9dition 2025 haute en couleurs, c\u00e9l\u00e9brant le patrimoine et la convivialit\u00e9. &hellip; Continuer la lecture de &laquo;&nbsp;Mot du pr\u00e9sident&nbsp;&raquo;","og_url":"http:\/\/www.foiredelasaintebarbe.fr\/?page_id=34","og_site_name":"Foire de la Sainte Barbe","article_modified_time":"2025-07-02T18:06:55+00:00","twitter_card":"summary_large_image","twitter_misc":{"Dur\u00e9e de lecture estim\u00e9e":"2 minutes"},"schema":{"@context":"https:\/\/schema.org","@graph":[{"@type":"WebPage","@id":"http:\/\/www.foiredelasaintebarbe.fr\/?page_id=34","url":"http:\/\/www.foiredelasaintebarbe.fr\/?page_id=34","name":"Mot du pr\u00e9sident - Foire de la Sainte Barbe","isPartOf":{"@id":"http:\/\/www.foiredelasaintebarbe.fr\/#website"},"datePublished":"2017-07-25T08:13:59+00:00","dateModified":"2025-07-02T18:06:55+00:00","breadcrumb":{"@id":"http:\/\/www.foiredelasaintebarbe.fr\/?page_id=34#breadcrumb"},"inLanguage":"fr-FR","potentialAction":[{"@type":"ReadAction","target":["http:\/\/www.foiredelasaintebarbe.fr\/?page_id=34"]}]},{"@type":"BreadcrumbList","@id":"http:\/\/www.foiredelasaintebarbe.fr\/?page_id=34#breadcrumb","itemListElement":[{"@type":"ListItem","position":1,"name":"Accueil","item":"http:\/\/www.foiredelasaintebarbe.fr\/"},{"@type":"ListItem","position":2,"name":"Mot du pr\u00e9sident"}]},{"@type":"WebSite","@id":"http:\/\/www.foiredelasaintebarbe.fr\/#website","url":"http:\/\/www.foiredelasaintebarbe.fr\/","name":"Foire de la Sainte Barbe","description":"","publisher":{"@id":"http:\/\/www.foiredelasaintebarbe.fr\/#organization"},"potentialAction":[{"@type":"SearchAction","target":{"@type":"EntryPoint","urlTemplate":"http:\/\/www.foiredelasaintebarbe.fr\/?s={search_term_string}"},"query-input":{"@type":"PropertyValueSpecification","valueRequired":true,"valueName":"search_term_string"}}],"inLanguage":"fr-FR"},{"@type":"Organization","@id":"http:\/\/www.foiredelasaintebarbe.fr\/#organization","name":"foire de la sainte-barbe","url":"http:\/\/www.foiredelasaintebarbe.fr\/","logo":{"@type":"ImageObject","inLanguage":"fr-FR","@id":"http:\/\/www.foiredelasaintebarbe.fr\/#\/schema\/logo\/image\/","url":"http:\/\/www.foiredelasaintebarbe.fr\/wp-content\/uploads\/2017\/07\/saint-barbe-bleu-icon.jpg","contentUrl":"http:\/\/www.foiredelasaintebarbe.fr\/wp-content\/uploads\/2017\/07\/saint-barbe-bleu-icon.jpg","width":512,"height":515,"caption":"foire de la sainte-barbe"},"image":{"@id":"http:\/\/www.foiredelasaintebarbe.fr\/#\/schema\/logo\/image\/"}}]}},"_links":{"self":[{"href":"https:\/\/www.foiredelasaintebarbe.fr\/index.php?rest_route=\/wp\/v2\/pages\/34","targetHints":{"allow":["GET"]}}],"collection":[{"href":"https:\/\/www.foiredelasaintebarbe.fr\/index.php?rest_route=\/wp\/v2\/pages"}],"about":[{"href":"https:\/\/www.foiredelasaintebarbe.fr\/index.php?rest_route=\/wp\/v2\/types\/page"}],"author":[{"embeddable":true,"href":"https:\/\/www.foiredelasaintebarbe.fr\/index.php?rest_route=\/wp\/v2\/users\/1"}],"replies":[{"embeddable":true,"href":"https:\/\/www.foiredelasaintebarbe.fr\/index.php?rest_route=%2Fwp%2Fv2%2Fcomments&post=34"}],"version-history":[{"count":10,"href":"https:\/\/www.foiredelasaintebarbe.fr\/index.php?rest_route=\/wp\/v2\/pages\/34\/revisions"}],"predecessor-version":[{"id":2615,"href":"https:\/\/www.foiredelasaintebarbe.fr\/index.php?rest_route=\/wp\/v2\/pages\/34\/revisions\/2615"}],"wp:attachment":[{"href":"https:\/\/www.foiredelasaintebarbe.fr\/index.php?rest_route=%2Fwp%2Fv2%2Fmedia&parent=34"}],"curies":[{"name":"wp","href":"https:\/\/api.w.org\/{rel}","templated":true}]}}