{"id":36,"date":"2017-07-25T08:19:54","date_gmt":"2017-07-25T08:19:54","guid":{"rendered":"http:\/\/saintebarbe.skiclubmauricetieche.fr\/?page_id=36"},"modified":"2019-08-23T13:59:45","modified_gmt":"2019-08-23T13:59:45","slug":"president-dhonneur","status":"publish","type":"page","link":"https:\/\/www.foiredelasaintebarbe.fr\/?page_id=36","title":{"rendered":"Pr\u00e9sident d&rsquo;honneur"},"content":{"rendered":"\t\t<div data-elementor-type=\"wp-post\" data-elementor-id=\"36\" class=\"elementor elementor-36\">\n\t\t\t\t\t\t<section class=\"elementor-section elementor-top-section elementor-element elementor-element-7596cf8 elementor-section-boxed elementor-section-height-default elementor-section-height-default\" data-id=\"7596cf8\" data-element_type=\"section\" data-e-type=\"section\">\n\t\t\t\t\t\t<div class=\"elementor-container elementor-column-gap-default\">\n\t\t\t\t\t<div class=\"elementor-column elementor-col-100 elementor-top-column elementor-element elementor-element-3ab5c524\" data-id=\"3ab5c524\" data-element_type=\"column\" data-e-type=\"column\">\n\t\t\t<div class=\"elementor-widget-wrap elementor-element-populated\">\n\t\t\t\t\t\t<div class=\"elementor-element elementor-element-3dad33d2 elementor-widget elementor-widget-text-editor\" data-id=\"3dad33d2\" data-element_type=\"widget\" data-e-type=\"widget\" data-widget_type=\"text-editor.default\">\n\t\t\t\t<div class=\"elementor-widget-container\">\n\t\t\t\t\t\t\t\t\t<div><p>Chers amis de la foire de la Sainte Barbe,<\/p><p dir=\"ltr\">D\u00e8s sa cr\u00e9ation, le but de la foire \u00e9tait de d\u00e9velopper le bas Collonges. \u00a0L&rsquo;initiative est venue de M. Lucien Vindret, Maire de l&rsquo;\u00e9poque. Il\u00a0a eu la volont\u00e9 d&rsquo;organiser une foire, le dernier dimanche de novembre avec la collaboration de M. Jacques Graff, qui en devint le pr\u00e9sident durant les premi\u00e8res ann\u00e9es. De nombreux pr\u00e9sidents se sont succ\u00e9d\u00e9s, certains y ont laiss\u00e9 une empreinte ind\u00e9l\u00e9bile de leur passage. Gr\u00e2ce \u00e0 leur grande exp\u00e9rience et \u00e0 un immense savoir-faire, ils ont su transmettre toute leur \u00e9nergie afin de pr\u00e9server cette belle foire de la Sainte-Barbe.<\/p><p>Depuis sa cr\u00e9ation la Foire de la Sainte-Barbe a su s&rsquo;adapter, pour \u00e9viter les nuisances au fil des ann\u00e9es. Tout ceci, en s&rsquo;imposant en tant que foire commerciale. Au d\u00e9part, le point central \u00e9tait la place du March\u00e9 puis le parking de la gare. Pour cr\u00e9er un lien entre le bas et le haut Collonges, un itin\u00e9raire a \u00e9t\u00e9 mis en place afin de rejoindre ces deux p\u00f4les. Toutes sortes de chapiteaux ont \u00e9t\u00e9 install\u00e9s pour recevoir les diverses manifestations \u00ab\u00a0salon des antiquaires\u00a0\u00bb, \u00ab\u00a0salon des vins\u00a0\u00bb, \u00ab\u00a0march\u00e9 de No\u00ebl et petits cr\u00e9ateurs\u00a0\u00bb.<\/p><p>D&rsquo;innombrables animations ont \u00e9t\u00e9 propos\u00e9es aux Collongeois, ainsi qu&rsquo;\u00e0 une population de plus en plus diversifi\u00e9e, rayonnant au-del\u00e0 de notre commune et nos fronti\u00e8res. Des secteurs nouveaux ont vu le jour : Route de Gen\u00e8ve, Rue de Verdi, Route du Fer \u00e0 Cheval, Place de la Mairie, Place de Savoie, Route de Bossey et Route des Cr\u00eats.<\/p><p>Apr\u00e8s des ann\u00e9es sous un chapiteau nous pouvons maintenant b\u00e9n\u00e9ficier d&rsquo;une magnifique salle des f\u00eates; merci aux dirigeants successifs de notre commune pour cette magnifique salle.<\/p><p>Je veux remercier toute la population Collongeoise, qui garde le sourire et continue \u00e0 nous soutenir malgr\u00e9 la perturbation du trafic routier, le dimanche.<\/p><p>Je remercie tous les b\u00e9n\u00e9voles provenant de diverses associations pour leur savoir-faire, sans oublier l&rsquo;\u00e9troite collaboration avec la municipalit\u00e9 et tous les services techniques et administratifs.<\/p><p>Mais aussi, je tiens \u00e0 remercier tous les forains et exposants venant \u00e0 Collonges, qui sont les artisans du succ\u00e8s de notre belle foire.<\/p><\/div><p style=\"text-align: right;\">Au plaisir de\u00a0 vous croiser sur la foire,<\/p><p style=\"text-align: right;\"><img decoding=\"async\" class=\"size-full wp-image-39 alignright\" src=\"http:\/\/saintebarbe.skiclubmauricetieche.fr\/wp-content\/uploads\/2017\/07\/gerardreix.jpg\" alt=\"\" width=\"163\" height=\"157\" \/>G\u00e9rard Reix<\/p>\t\t\t\t\t\t\t\t<\/div>\n\t\t\t\t<\/div>\n\t\t\t\t<div class=\"elementor-element elementor-element-8d029f0 elementor-widget elementor-widget-image\" data-id=\"8d029f0\" data-element_type=\"widget\" data-e-type=\"widget\" data-widget_type=\"image.default\">\n\t\t\t\t<div class=\"elementor-widget-container\">\n\t\t\t\t\t\t\t\t\t\t\t\t\t\t\t<img decoding=\"async\" src=\"http:\/\/www.foiredelasaintebarbe.fr\/wp-content\/uploads\/elementor\/thumbs\/une-delegation-des-anciens-combattants-rend-visite-a-la-veuve-de-rene-chatenoud-1418238252-2-ocp30o7eoufas0o1dwiwjhi5er3m717hylsqei89fo.jpg\" title=\"une-delegation-des-anciens-combattants-rend-visite-a-la-veuve-de-rene-chatenoud-1418238252 (2)\" alt=\"une-delegation-des-anciens-combattants-rend-visite-a-la-veuve-de-rene-chatenoud-1418238252 (2)\" loading=\"lazy\" \/>\t\t\t\t\t\t\t\t\t\t\t\t\t\t\t<\/div>\n\t\t\t\t<\/div>\n\t\t\t\t\t<\/div>\n\t\t<\/div>\n\t\t\t\t\t<\/div>\n\t\t<\/section>\n\t\t\t\t<\/div>\n\t\t","protected":false},"excerpt":{"rendered":"<p>Chers amis de la foire de la Sainte Barbe, D\u00e8s sa cr\u00e9ation, le but de la foire \u00e9tait de d\u00e9velopper le bas Collonges. \u00a0L&rsquo;initiative est venue de M. Lucien Vindret, Maire de l&rsquo;\u00e9poque. Il\u00a0a eu la volont\u00e9 d&rsquo;organiser une foire, le dernier dimanche de novembre avec la collaboration de M. Jacques Graff, qui en devint &hellip; <\/p>\n<p class=\"link-more\"><a href=\"https:\/\/www.foiredelasaintebarbe.fr\/?page_id=36\" class=\"more-link\">Continuer la lecture<span class=\"screen-reader-text\"> de &laquo;&nbsp;Pr\u00e9sident d&rsquo;honneur&nbsp;&raquo;<\/span><\/a><\/p>\n","protected":false},"author":1,"featured_media":0,"parent":0,"menu_order":0,"comment_status":"closed","ping_status":"closed","template":"","meta":{"footnotes":""},"class_list":["post-36","page","type-page","status-publish","hentry"],"yoast_head":"<!-- This site is optimized with the Yoast SEO plugin v27.2 - https:\/\/yoast.com\/product\/yoast-seo-wordpress\/ -->\n<title>Pr\u00e9sident d&#039;honneur - Foire de la Sainte Barbe<\/title>\n<meta name=\"robots\" content=\"index, follow, max-snippet:-1, max-image-preview:large, max-video-preview:-1\" \/>\n<link rel=\"canonical\" href=\"https:\/\/www.foiredelasaintebarbe.fr\/?page_id=36\" \/>\n<meta property=\"og:locale\" content=\"fr_FR\" \/>\n<meta property=\"og:type\" content=\"article\" \/>\n<meta property=\"og:title\" content=\"Pr\u00e9sident d&#039;honneur - Foire de la Sainte Barbe\" \/>\n<meta property=\"og:description\" content=\"Chers amis de la foire de la Sainte Barbe, D\u00e8s sa cr\u00e9ation, le but de la foire \u00e9tait de d\u00e9velopper le bas Collonges. \u00a0L&rsquo;initiative est venue de M. Lucien Vindret, Maire de l&rsquo;\u00e9poque. Il\u00a0a eu la volont\u00e9 d&rsquo;organiser une foire, le dernier dimanche de novembre avec la collaboration de M. Jacques Graff, qui en devint &hellip; Continuer la lecture de &laquo;&nbsp;Pr\u00e9sident d&rsquo;honneur&nbsp;&raquo;\" \/>\n<meta property=\"og:url\" content=\"https:\/\/www.foiredelasaintebarbe.fr\/?page_id=36\" \/>\n<meta property=\"og:site_name\" content=\"Foire de la Sainte Barbe\" \/>\n<meta property=\"article:modified_time\" content=\"2019-08-23T13:59:45+00:00\" \/>\n<meta property=\"og:image\" content=\"http:\/\/saintebarbe.skiclubmauricetieche.fr\/wp-content\/uploads\/2017\/07\/gerardreix.jpg\" \/>\n<meta name=\"twitter:card\" content=\"summary_large_image\" \/>\n<meta name=\"twitter:label1\" content=\"Dur\u00e9e de lecture estim\u00e9e\" \/>\n\t<meta name=\"twitter:data1\" content=\"2 minutes\" \/>\n<script type=\"application\/ld+json\" class=\"yoast-schema-graph\">{\"@context\":\"https:\/\/schema.org\",\"@graph\":[{\"@type\":\"WebPage\",\"@id\":\"https:\/\/www.foiredelasaintebarbe.fr\/?page_id=36\",\"url\":\"https:\/\/www.foiredelasaintebarbe.fr\/?page_id=36\",\"name\":\"Pr\u00e9sident d'honneur - Foire de la Sainte Barbe\",\"isPartOf\":{\"@id\":\"http:\/\/www.foiredelasaintebarbe.fr\/#website\"},\"primaryImageOfPage\":{\"@id\":\"https:\/\/www.foiredelasaintebarbe.fr\/?page_id=36#primaryimage\"},\"image\":{\"@id\":\"https:\/\/www.foiredelasaintebarbe.fr\/?page_id=36#primaryimage\"},\"thumbnailUrl\":\"http:\/\/saintebarbe.skiclubmauricetieche.fr\/wp-content\/uploads\/2017\/07\/gerardreix.jpg\",\"datePublished\":\"2017-07-25T08:19:54+00:00\",\"dateModified\":\"2019-08-23T13:59:45+00:00\",\"breadcrumb\":{\"@id\":\"https:\/\/www.foiredelasaintebarbe.fr\/?page_id=36#breadcrumb\"},\"inLanguage\":\"fr-FR\",\"potentialAction\":[{\"@type\":\"ReadAction\",\"target\":[\"https:\/\/www.foiredelasaintebarbe.fr\/?page_id=36\"]}]},{\"@type\":\"ImageObject\",\"inLanguage\":\"fr-FR\",\"@id\":\"https:\/\/www.foiredelasaintebarbe.fr\/?page_id=36#primaryimage\",\"url\":\"http:\/\/saintebarbe.skiclubmauricetieche.fr\/wp-content\/uploads\/2017\/07\/gerardreix.jpg\",\"contentUrl\":\"http:\/\/saintebarbe.skiclubmauricetieche.fr\/wp-content\/uploads\/2017\/07\/gerardreix.jpg\"},{\"@type\":\"BreadcrumbList\",\"@id\":\"https:\/\/www.foiredelasaintebarbe.fr\/?page_id=36#breadcrumb\",\"itemListElement\":[{\"@type\":\"ListItem\",\"position\":1,\"name\":\"Accueil\",\"item\":\"http:\/\/www.foiredelasaintebarbe.fr\/\"},{\"@type\":\"ListItem\",\"position\":2,\"name\":\"Pr\u00e9sident d&rsquo;honneur\"}]},{\"@type\":\"WebSite\",\"@id\":\"http:\/\/www.foiredelasaintebarbe.fr\/#website\",\"url\":\"http:\/\/www.foiredelasaintebarbe.fr\/\",\"name\":\"Foire de la Sainte Barbe\",\"description\":\"\",\"publisher\":{\"@id\":\"http:\/\/www.foiredelasaintebarbe.fr\/#organization\"},\"potentialAction\":[{\"@type\":\"SearchAction\",\"target\":{\"@type\":\"EntryPoint\",\"urlTemplate\":\"http:\/\/www.foiredelasaintebarbe.fr\/?s={search_term_string}\"},\"query-input\":{\"@type\":\"PropertyValueSpecification\",\"valueRequired\":true,\"valueName\":\"search_term_string\"}}],\"inLanguage\":\"fr-FR\"},{\"@type\":\"Organization\",\"@id\":\"http:\/\/www.foiredelasaintebarbe.fr\/#organization\",\"name\":\"foire de la sainte-barbe\",\"url\":\"http:\/\/www.foiredelasaintebarbe.fr\/\",\"logo\":{\"@type\":\"ImageObject\",\"inLanguage\":\"fr-FR\",\"@id\":\"http:\/\/www.foiredelasaintebarbe.fr\/#\/schema\/logo\/image\/\",\"url\":\"http:\/\/www.foiredelasaintebarbe.fr\/wp-content\/uploads\/2017\/07\/saint-barbe-bleu-icon.jpg\",\"contentUrl\":\"http:\/\/www.foiredelasaintebarbe.fr\/wp-content\/uploads\/2017\/07\/saint-barbe-bleu-icon.jpg\",\"width\":512,\"height\":515,\"caption\":\"foire de la sainte-barbe\"},\"image\":{\"@id\":\"http:\/\/www.foiredelasaintebarbe.fr\/#\/schema\/logo\/image\/\"}}]}<\/script>\n<!-- \/ Yoast SEO plugin. -->","yoast_head_json":{"title":"Pr\u00e9sident d'honneur - Foire de la Sainte Barbe","robots":{"index":"index","follow":"follow","max-snippet":"max-snippet:-1","max-image-preview":"max-image-preview:large","max-video-preview":"max-video-preview:-1"},"canonical":"https:\/\/www.foiredelasaintebarbe.fr\/?page_id=36","og_locale":"fr_FR","og_type":"article","og_title":"Pr\u00e9sident d'honneur - Foire de la Sainte Barbe","og_description":"Chers amis de la foire de la Sainte Barbe, D\u00e8s sa cr\u00e9ation, le but de la foire \u00e9tait de d\u00e9velopper le bas Collonges. \u00a0L&rsquo;initiative est venue de M. Lucien Vindret, Maire de l&rsquo;\u00e9poque. Il\u00a0a eu la volont\u00e9 d&rsquo;organiser une foire, le dernier dimanche de novembre avec la collaboration de M. Jacques Graff, qui en devint &hellip; Continuer la lecture de &laquo;&nbsp;Pr\u00e9sident d&rsquo;honneur&nbsp;&raquo;","og_url":"https:\/\/www.foiredelasaintebarbe.fr\/?page_id=36","og_site_name":"Foire de la Sainte Barbe","article_modified_time":"2019-08-23T13:59:45+00:00","og_image":[{"url":"http:\/\/saintebarbe.skiclubmauricetieche.fr\/wp-content\/uploads\/2017\/07\/gerardreix.jpg","type":"","width":"","height":""}],"twitter_card":"summary_large_image","twitter_misc":{"Dur\u00e9e de lecture estim\u00e9e":"2 minutes"},"schema":{"@context":"https:\/\/schema.org","@graph":[{"@type":"WebPage","@id":"https:\/\/www.foiredelasaintebarbe.fr\/?page_id=36","url":"https:\/\/www.foiredelasaintebarbe.fr\/?page_id=36","name":"Pr\u00e9sident d'honneur - Foire de la Sainte Barbe","isPartOf":{"@id":"http:\/\/www.foiredelasaintebarbe.fr\/#website"},"primaryImageOfPage":{"@id":"https:\/\/www.foiredelasaintebarbe.fr\/?page_id=36#primaryimage"},"image":{"@id":"https:\/\/www.foiredelasaintebarbe.fr\/?page_id=36#primaryimage"},"thumbnailUrl":"http:\/\/saintebarbe.skiclubmauricetieche.fr\/wp-content\/uploads\/2017\/07\/gerardreix.jpg","datePublished":"2017-07-25T08:19:54+00:00","dateModified":"2019-08-23T13:59:45+00:00","breadcrumb":{"@id":"https:\/\/www.foiredelasaintebarbe.fr\/?page_id=36#breadcrumb"},"inLanguage":"fr-FR","potentialAction":[{"@type":"ReadAction","target":["https:\/\/www.foiredelasaintebarbe.fr\/?page_id=36"]}]},{"@type":"ImageObject","inLanguage":"fr-FR","@id":"https:\/\/www.foiredelasaintebarbe.fr\/?page_id=36#primaryimage","url":"http:\/\/saintebarbe.skiclubmauricetieche.fr\/wp-content\/uploads\/2017\/07\/gerardreix.jpg","contentUrl":"http:\/\/saintebarbe.skiclubmauricetieche.fr\/wp-content\/uploads\/2017\/07\/gerardreix.jpg"},{"@type":"BreadcrumbList","@id":"https:\/\/www.foiredelasaintebarbe.fr\/?page_id=36#breadcrumb","itemListElement":[{"@type":"ListItem","position":1,"name":"Accueil","item":"http:\/\/www.foiredelasaintebarbe.fr\/"},{"@type":"ListItem","position":2,"name":"Pr\u00e9sident d&rsquo;honneur"}]},{"@type":"WebSite","@id":"http:\/\/www.foiredelasaintebarbe.fr\/#website","url":"http:\/\/www.foiredelasaintebarbe.fr\/","name":"Foire de la Sainte Barbe","description":"","publisher":{"@id":"http:\/\/www.foiredelasaintebarbe.fr\/#organization"},"potentialAction":[{"@type":"SearchAction","target":{"@type":"EntryPoint","urlTemplate":"http:\/\/www.foiredelasaintebarbe.fr\/?s={search_term_string}"},"query-input":{"@type":"PropertyValueSpecification","valueRequired":true,"valueName":"search_term_string"}}],"inLanguage":"fr-FR"},{"@type":"Organization","@id":"http:\/\/www.foiredelasaintebarbe.fr\/#organization","name":"foire de la sainte-barbe","url":"http:\/\/www.foiredelasaintebarbe.fr\/","logo":{"@type":"ImageObject","inLanguage":"fr-FR","@id":"http:\/\/www.foiredelasaintebarbe.fr\/#\/schema\/logo\/image\/","url":"http:\/\/www.foiredelasaintebarbe.fr\/wp-content\/uploads\/2017\/07\/saint-barbe-bleu-icon.jpg","contentUrl":"http:\/\/www.foiredelasaintebarbe.fr\/wp-content\/uploads\/2017\/07\/saint-barbe-bleu-icon.jpg","width":512,"height":515,"caption":"foire de la sainte-barbe"},"image":{"@id":"http:\/\/www.foiredelasaintebarbe.fr\/#\/schema\/logo\/image\/"}}]}},"_links":{"self":[{"href":"https:\/\/www.foiredelasaintebarbe.fr\/index.php?rest_route=\/wp\/v2\/pages\/36","targetHints":{"allow":["GET"]}}],"collection":[{"href":"https:\/\/www.foiredelasaintebarbe.fr\/index.php?rest_route=\/wp\/v2\/pages"}],"about":[{"href":"https:\/\/www.foiredelasaintebarbe.fr\/index.php?rest_route=\/wp\/v2\/types\/page"}],"author":[{"embeddable":true,"href":"https:\/\/www.foiredelasaintebarbe.fr\/index.php?rest_route=\/wp\/v2\/users\/1"}],"replies":[{"embeddable":true,"href":"https:\/\/www.foiredelasaintebarbe.fr\/index.php?rest_route=%2Fwp%2Fv2%2Fcomments&post=36"}],"version-history":[{"count":7,"href":"https:\/\/www.foiredelasaintebarbe.fr\/index.php?rest_route=\/wp\/v2\/pages\/36\/revisions"}],"predecessor-version":[{"id":2410,"href":"https:\/\/www.foiredelasaintebarbe.fr\/index.php?rest_route=\/wp\/v2\/pages\/36\/revisions\/2410"}],"wp:attachment":[{"href":"https:\/\/www.foiredelasaintebarbe.fr\/index.php?rest_route=%2Fwp%2Fv2%2Fmedia&parent=36"}],"curies":[{"name":"wp","href":"https:\/\/api.w.org\/{rel}","templated":true}]}}