{"id":9,"date":"2017-07-24T15:39:18","date_gmt":"2017-07-24T15:39:18","guid":{"rendered":"http:\/\/saintebarbe.skiclubmauricetieche.fr\/?page_id=9"},"modified":"2026-03-30T19:20:03","modified_gmt":"2026-03-30T19:20:03","slug":"programme","status":"publish","type":"page","link":"https:\/\/www.foiredelasaintebarbe.fr\/?page_id=9","title":{"rendered":"Programme"},"content":{"rendered":"\t\t<div data-elementor-type=\"wp-page\" data-elementor-id=\"9\" class=\"elementor elementor-9\">\n\t\t\t\t\t\t<section class=\"elementor-section elementor-top-section elementor-element elementor-element-147e6020 elementor-section-boxed elementor-section-height-default elementor-section-height-default\" data-id=\"147e6020\" data-element_type=\"section\" data-e-type=\"section\">\n\t\t\t\t\t\t<div class=\"elementor-container elementor-column-gap-default\">\n\t\t\t\t\t<div class=\"elementor-column elementor-col-100 elementor-top-column elementor-element elementor-element-4be5a91c\" data-id=\"4be5a91c\" data-element_type=\"column\" data-e-type=\"column\">\n\t\t\t<div class=\"elementor-widget-wrap elementor-element-populated\">\n\t\t\t\t\t\t<div class=\"elementor-element elementor-element-eb8491e elementor-widget elementor-widget-text-editor\" data-id=\"eb8491e\" data-element_type=\"widget\" data-e-type=\"widget\" data-widget_type=\"text-editor.default\">\n\t\t\t\t<div class=\"elementor-widget-container\">\n\t\t\t\t\t\t\t\t\t<div>\n<p style=\"text-align: center;\"><span style=\"color: #7ab3d9;\">La 41<sup>\u00e8me <\/sup>foire de la Sainte-Barbe<\/span><br><span style=\"color: #7ab3d9;\"> aura lieu du 28 novembre au 29 novembre 2026<\/span><\/p>\n<\/div>\n<h2><span style=\"color: #7ab3d9;\">Sur l&rsquo;ensemble des 2 jours :<\/span><\/h2>\n<ul>\n<li>Repas, snack et petite restauration,<\/li>\n<li>Bar \u00e0 champagne, buvette, bi\u00e8res du Sal\u00e8ve<\/li>\n<li>Animations musicales.<\/li>\n<\/ul>\n<h3><b><\/b><i><\/i><u><\/u><strong>Entr\u00e9e libre et gratuite<\/strong><\/h3><div><strong>Plus de d\u00e9tails sur le programme \u00e0 venir<\/strong><\/div>\n<h1><strong><span style=\"color: #7ab3d9;\">Samedi 28 novembre<\/span><\/strong><\/h1>\n<p><span style=\"color: #7ab3d9;\">Salle des f\u00eates<\/span>&nbsp; <a href=\"http:\/\/www.foiredelasaintebarbe.fr\/?attachment_id=2273\">(voir plan)<\/a><\/p>\n<p>10h00 &#8211; Ouverture de la salle des f\u00eates<br><span style=\"font-size: 1rem;\">01h30 &#8211; Fermeture de la salle des f\u00eates<\/span><br><br><font color=\"#7ab3d9\" style=\"font-size: 1.875rem;\"><b>Dimanche 29 novembre<\/b><\/font><\/p>\n<p><span style=\"color: #7ab3d9;\">Rues de Collonges<\/span><\/p>\n<ul>\n<li><span style=\"font-family: Arial,sans-serif;\">09h00 Ouverture de la <span style=\"color: #7ab3d9;\">foire commer\u00e7ante dans les rues<\/span><\/span><\/li>\n<li>17h00 Fermeture de la foire<\/li>\n<\/ul>\n<p><span style=\"color: #7ab3d9;\">Salle des f\u00eates&nbsp;<\/span> <a href=\"http:\/\/www.foiredelasaintebarbe.fr\/?attachment_id=2273\">(voir plan)<\/a><\/p>\n<p>11h30 &#8211; Restauration sur place<span style=\"font-size: 1rem;\"><br>18h00 &#8211; Fermeture de la salle des f\u00eates<\/span><\/p>\n<p><!-- \/wp:list --><\/p>\t\t\t\t\t\t\t\t<\/div>\n\t\t\t\t<\/div>\n\t\t\t\t\t<\/div>\n\t\t<\/div>\n\t\t\t\t\t<\/div>\n\t\t<\/section>\n\t\t\t\t<section class=\"elementor-section elementor-top-section elementor-element elementor-element-9fe9248 elementor-section-boxed elementor-section-height-default elementor-section-height-default\" data-id=\"9fe9248\" data-element_type=\"section\" data-e-type=\"section\">\n\t\t\t\t\t\t<div class=\"elementor-container elementor-column-gap-default\">\n\t\t\t\t\t<div class=\"elementor-column elementor-col-100 elementor-top-column elementor-element elementor-element-7358df1\" data-id=\"7358df1\" data-element_type=\"column\" data-e-type=\"column\">\n\t\t\t<div class=\"elementor-widget-wrap elementor-element-populated\">\n\t\t\t\t\t\t<div class=\"elementor-element elementor-element-7e04592 elementor-widget elementor-widget-image\" data-id=\"7e04592\" data-element_type=\"widget\" data-e-type=\"widget\" data-widget_type=\"image.default\">\n\t\t\t\t<div class=\"elementor-widget-container\">\n\t\t\t\t\t\t\t\t\t\t\t\t\t\t\t<img fetchpriority=\"high\" decoding=\"async\" width=\"740\" height=\"498\" src=\"http:\/\/www.foiredelasaintebarbe.fr\/wp-content\/uploads\/2025\/11\/Programme-seul-1024x689.jpg\" class=\"attachment-large size-large wp-image-2624\" alt=\"\" srcset=\"http:\/\/www.foiredelasaintebarbe.fr\/wp-content\/uploads\/2025\/11\/Programme-seul-1024x689.jpg 1024w, http:\/\/www.foiredelasaintebarbe.fr\/wp-content\/uploads\/2025\/11\/Programme-seul-300x202.jpg 300w, http:\/\/www.foiredelasaintebarbe.fr\/wp-content\/uploads\/2025\/11\/Programme-seul-768x517.jpg 768w\" sizes=\"100vw\" \/>\t\t\t\t\t\t\t\t\t\t\t\t\t\t\t<\/div>\n\t\t\t\t<\/div>\n\t\t\t\t\t<\/div>\n\t\t<\/div>\n\t\t\t\t\t<\/div>\n\t\t<\/section>\n\t\t\t\t<\/div>\n\t\t","protected":false},"excerpt":{"rendered":"<p>La 41\u00e8me foire de la Sainte-Barbe aura lieu du 28 novembre au 29 novembre 2026 Sur l&rsquo;ensemble des 2 jours : Repas, snack et petite restauration, Bar \u00e0 champagne, buvette, bi\u00e8res du Sal\u00e8ve Animations musicales. Entr\u00e9e libre et gratuite Plus de d\u00e9tails sur le programme \u00e0 venir Samedi 28 novembre Salle des f\u00eates&nbsp; (voir plan) &hellip; <\/p>\n<p class=\"link-more\"><a href=\"https:\/\/www.foiredelasaintebarbe.fr\/?page_id=9\" class=\"more-link\">Continuer la lecture<span class=\"screen-reader-text\"> de &laquo;&nbsp;Programme&nbsp;&raquo;<\/span><\/a><\/p>\n","protected":false},"author":1,"featured_media":0,"parent":0,"menu_order":0,"comment_status":"closed","ping_status":"closed","template":"","meta":{"footnotes":""},"class_list":["post-9","page","type-page","status-publish","hentry"],"yoast_head":"<!-- This site is optimized with the Yoast SEO plugin v27.2 - https:\/\/yoast.com\/product\/yoast-seo-wordpress\/ -->\n<title>Programme - Foire de la Sainte Barbe<\/title>\n<meta name=\"robots\" content=\"index, follow, max-snippet:-1, max-image-preview:large, max-video-preview:-1\" \/>\n<link rel=\"canonical\" href=\"http:\/\/www.foiredelasaintebarbe.fr\/?page_id=9\" \/>\n<meta property=\"og:locale\" content=\"fr_FR\" \/>\n<meta property=\"og:type\" content=\"article\" \/>\n<meta property=\"og:title\" content=\"Programme - Foire de la Sainte Barbe\" \/>\n<meta property=\"og:description\" content=\"La 41\u00e8me foire de la Sainte-Barbe aura lieu du 28 novembre au 29 novembre 2026 Sur l&rsquo;ensemble des 2 jours : Repas, snack et petite restauration, Bar \u00e0 champagne, buvette, bi\u00e8res du Sal\u00e8ve Animations musicales. Entr\u00e9e libre et gratuite Plus de d\u00e9tails sur le programme \u00e0 venir Samedi 28 novembre Salle des f\u00eates&nbsp; (voir plan) &hellip; Continuer la lecture de &laquo;&nbsp;Programme&nbsp;&raquo;\" \/>\n<meta property=\"og:url\" content=\"http:\/\/www.foiredelasaintebarbe.fr\/?page_id=9\" \/>\n<meta property=\"og:site_name\" content=\"Foire de la Sainte Barbe\" \/>\n<meta property=\"article:modified_time\" content=\"2026-03-30T19:20:03+00:00\" \/>\n<meta property=\"og:image\" content=\"http:\/\/www.foiredelasaintebarbe.fr\/wp-content\/uploads\/2025\/11\/Programme-seul-1024x689.jpg\" \/>\n<meta name=\"twitter:card\" content=\"summary_large_image\" \/>\n<meta name=\"twitter:label1\" content=\"Dur\u00e9e de lecture estim\u00e9e\" \/>\n\t<meta name=\"twitter:data1\" content=\"1 minute\" \/>\n<script type=\"application\/ld+json\" class=\"yoast-schema-graph\">{\"@context\":\"https:\/\/schema.org\",\"@graph\":[{\"@type\":\"WebPage\",\"@id\":\"http:\/\/www.foiredelasaintebarbe.fr\/?page_id=9\",\"url\":\"http:\/\/www.foiredelasaintebarbe.fr\/?page_id=9\",\"name\":\"Programme - Foire de la Sainte Barbe\",\"isPartOf\":{\"@id\":\"http:\/\/www.foiredelasaintebarbe.fr\/#website\"},\"primaryImageOfPage\":{\"@id\":\"http:\/\/www.foiredelasaintebarbe.fr\/?page_id=9#primaryimage\"},\"image\":{\"@id\":\"http:\/\/www.foiredelasaintebarbe.fr\/?page_id=9#primaryimage\"},\"thumbnailUrl\":\"http:\/\/www.foiredelasaintebarbe.fr\/wp-content\/uploads\/2025\/11\/Programme-seul-1024x689.jpg\",\"datePublished\":\"2017-07-24T15:39:18+00:00\",\"dateModified\":\"2026-03-30T19:20:03+00:00\",\"breadcrumb\":{\"@id\":\"http:\/\/www.foiredelasaintebarbe.fr\/?page_id=9#breadcrumb\"},\"inLanguage\":\"fr-FR\",\"potentialAction\":[{\"@type\":\"ReadAction\",\"target\":[\"http:\/\/www.foiredelasaintebarbe.fr\/?page_id=9\"]}]},{\"@type\":\"ImageObject\",\"inLanguage\":\"fr-FR\",\"@id\":\"http:\/\/www.foiredelasaintebarbe.fr\/?page_id=9#primaryimage\",\"url\":\"https:\/\/www.foiredelasaintebarbe.fr\/wp-content\/uploads\/2025\/11\/Programme-seul.jpg\",\"contentUrl\":\"https:\/\/www.foiredelasaintebarbe.fr\/wp-content\/uploads\/2025\/11\/Programme-seul.jpg\",\"width\":2457,\"height\":1654},{\"@type\":\"BreadcrumbList\",\"@id\":\"http:\/\/www.foiredelasaintebarbe.fr\/?page_id=9#breadcrumb\",\"itemListElement\":[{\"@type\":\"ListItem\",\"position\":1,\"name\":\"Accueil\",\"item\":\"http:\/\/www.foiredelasaintebarbe.fr\/\"},{\"@type\":\"ListItem\",\"position\":2,\"name\":\"Programme\"}]},{\"@type\":\"WebSite\",\"@id\":\"http:\/\/www.foiredelasaintebarbe.fr\/#website\",\"url\":\"http:\/\/www.foiredelasaintebarbe.fr\/\",\"name\":\"Foire de la Sainte Barbe\",\"description\":\"\",\"publisher\":{\"@id\":\"http:\/\/www.foiredelasaintebarbe.fr\/#organization\"},\"potentialAction\":[{\"@type\":\"SearchAction\",\"target\":{\"@type\":\"EntryPoint\",\"urlTemplate\":\"http:\/\/www.foiredelasaintebarbe.fr\/?s={search_term_string}\"},\"query-input\":{\"@type\":\"PropertyValueSpecification\",\"valueRequired\":true,\"valueName\":\"search_term_string\"}}],\"inLanguage\":\"fr-FR\"},{\"@type\":\"Organization\",\"@id\":\"http:\/\/www.foiredelasaintebarbe.fr\/#organization\",\"name\":\"foire de la sainte-barbe\",\"url\":\"http:\/\/www.foiredelasaintebarbe.fr\/\",\"logo\":{\"@type\":\"ImageObject\",\"inLanguage\":\"fr-FR\",\"@id\":\"http:\/\/www.foiredelasaintebarbe.fr\/#\/schema\/logo\/image\/\",\"url\":\"http:\/\/www.foiredelasaintebarbe.fr\/wp-content\/uploads\/2017\/07\/saint-barbe-bleu-icon.jpg\",\"contentUrl\":\"http:\/\/www.foiredelasaintebarbe.fr\/wp-content\/uploads\/2017\/07\/saint-barbe-bleu-icon.jpg\",\"width\":512,\"height\":515,\"caption\":\"foire de la sainte-barbe\"},\"image\":{\"@id\":\"http:\/\/www.foiredelasaintebarbe.fr\/#\/schema\/logo\/image\/\"}}]}<\/script>\n<!-- \/ Yoast SEO plugin. -->","yoast_head_json":{"title":"Programme - Foire de la Sainte Barbe","robots":{"index":"index","follow":"follow","max-snippet":"max-snippet:-1","max-image-preview":"max-image-preview:large","max-video-preview":"max-video-preview:-1"},"canonical":"http:\/\/www.foiredelasaintebarbe.fr\/?page_id=9","og_locale":"fr_FR","og_type":"article","og_title":"Programme - Foire de la Sainte Barbe","og_description":"La 41\u00e8me foire de la Sainte-Barbe aura lieu du 28 novembre au 29 novembre 2026 Sur l&rsquo;ensemble des 2 jours : Repas, snack et petite restauration, Bar \u00e0 champagne, buvette, bi\u00e8res du Sal\u00e8ve Animations musicales. Entr\u00e9e libre et gratuite Plus de d\u00e9tails sur le programme \u00e0 venir Samedi 28 novembre Salle des f\u00eates&nbsp; (voir plan) &hellip; Continuer la lecture de &laquo;&nbsp;Programme&nbsp;&raquo;","og_url":"http:\/\/www.foiredelasaintebarbe.fr\/?page_id=9","og_site_name":"Foire de la Sainte Barbe","article_modified_time":"2026-03-30T19:20:03+00:00","og_image":[{"url":"http:\/\/www.foiredelasaintebarbe.fr\/wp-content\/uploads\/2025\/11\/Programme-seul-1024x689.jpg","type":"","width":"","height":""}],"twitter_card":"summary_large_image","twitter_misc":{"Dur\u00e9e de lecture estim\u00e9e":"1 minute"},"schema":{"@context":"https:\/\/schema.org","@graph":[{"@type":"WebPage","@id":"http:\/\/www.foiredelasaintebarbe.fr\/?page_id=9","url":"http:\/\/www.foiredelasaintebarbe.fr\/?page_id=9","name":"Programme - Foire de la Sainte Barbe","isPartOf":{"@id":"http:\/\/www.foiredelasaintebarbe.fr\/#website"},"primaryImageOfPage":{"@id":"http:\/\/www.foiredelasaintebarbe.fr\/?page_id=9#primaryimage"},"image":{"@id":"http:\/\/www.foiredelasaintebarbe.fr\/?page_id=9#primaryimage"},"thumbnailUrl":"http:\/\/www.foiredelasaintebarbe.fr\/wp-content\/uploads\/2025\/11\/Programme-seul-1024x689.jpg","datePublished":"2017-07-24T15:39:18+00:00","dateModified":"2026-03-30T19:20:03+00:00","breadcrumb":{"@id":"http:\/\/www.foiredelasaintebarbe.fr\/?page_id=9#breadcrumb"},"inLanguage":"fr-FR","potentialAction":[{"@type":"ReadAction","target":["http:\/\/www.foiredelasaintebarbe.fr\/?page_id=9"]}]},{"@type":"ImageObject","inLanguage":"fr-FR","@id":"http:\/\/www.foiredelasaintebarbe.fr\/?page_id=9#primaryimage","url":"https:\/\/www.foiredelasaintebarbe.fr\/wp-content\/uploads\/2025\/11\/Programme-seul.jpg","contentUrl":"https:\/\/www.foiredelasaintebarbe.fr\/wp-content\/uploads\/2025\/11\/Programme-seul.jpg","width":2457,"height":1654},{"@type":"BreadcrumbList","@id":"http:\/\/www.foiredelasaintebarbe.fr\/?page_id=9#breadcrumb","itemListElement":[{"@type":"ListItem","position":1,"name":"Accueil","item":"http:\/\/www.foiredelasaintebarbe.fr\/"},{"@type":"ListItem","position":2,"name":"Programme"}]},{"@type":"WebSite","@id":"http:\/\/www.foiredelasaintebarbe.fr\/#website","url":"http:\/\/www.foiredelasaintebarbe.fr\/","name":"Foire de la Sainte Barbe","description":"","publisher":{"@id":"http:\/\/www.foiredelasaintebarbe.fr\/#organization"},"potentialAction":[{"@type":"SearchAction","target":{"@type":"EntryPoint","urlTemplate":"http:\/\/www.foiredelasaintebarbe.fr\/?s={search_term_string}"},"query-input":{"@type":"PropertyValueSpecification","valueRequired":true,"valueName":"search_term_string"}}],"inLanguage":"fr-FR"},{"@type":"Organization","@id":"http:\/\/www.foiredelasaintebarbe.fr\/#organization","name":"foire de la sainte-barbe","url":"http:\/\/www.foiredelasaintebarbe.fr\/","logo":{"@type":"ImageObject","inLanguage":"fr-FR","@id":"http:\/\/www.foiredelasaintebarbe.fr\/#\/schema\/logo\/image\/","url":"http:\/\/www.foiredelasaintebarbe.fr\/wp-content\/uploads\/2017\/07\/saint-barbe-bleu-icon.jpg","contentUrl":"http:\/\/www.foiredelasaintebarbe.fr\/wp-content\/uploads\/2017\/07\/saint-barbe-bleu-icon.jpg","width":512,"height":515,"caption":"foire de la sainte-barbe"},"image":{"@id":"http:\/\/www.foiredelasaintebarbe.fr\/#\/schema\/logo\/image\/"}}]}},"_links":{"self":[{"href":"https:\/\/www.foiredelasaintebarbe.fr\/index.php?rest_route=\/wp\/v2\/pages\/9","targetHints":{"allow":["GET"]}}],"collection":[{"href":"https:\/\/www.foiredelasaintebarbe.fr\/index.php?rest_route=\/wp\/v2\/pages"}],"about":[{"href":"https:\/\/www.foiredelasaintebarbe.fr\/index.php?rest_route=\/wp\/v2\/types\/page"}],"author":[{"embeddable":true,"href":"https:\/\/www.foiredelasaintebarbe.fr\/index.php?rest_route=\/wp\/v2\/users\/1"}],"replies":[{"embeddable":true,"href":"https:\/\/www.foiredelasaintebarbe.fr\/index.php?rest_route=%2Fwp%2Fv2%2Fcomments&post=9"}],"version-history":[{"count":56,"href":"https:\/\/www.foiredelasaintebarbe.fr\/index.php?rest_route=\/wp\/v2\/pages\/9\/revisions"}],"predecessor-version":[{"id":2650,"href":"https:\/\/www.foiredelasaintebarbe.fr\/index.php?rest_route=\/wp\/v2\/pages\/9\/revisions\/2650"}],"wp:attachment":[{"href":"https:\/\/www.foiredelasaintebarbe.fr\/index.php?rest_route=%2Fwp%2Fv2%2Fmedia&parent=9"}],"curies":[{"name":"wp","href":"https:\/\/api.w.org\/{rel}","templated":true}]}}